{"id":2482,"date":"2025-01-13T21:53:53","date_gmt":"2025-01-13T20:53:53","guid":{"rendered":"https:\/\/2020.sadlo.eu\/?page_id=2482"},"modified":"2025-01-16T12:23:50","modified_gmt":"2025-01-16T11:23:50","slug":"seminare-2025-miet-und-wohnungseigentumsrecht","status":"publish","type":"page","link":"https:\/\/2020.sadlo.eu\/?page_id=2482","title":{"rendered":"Seminare 2025 Miet- und Wohnungseigentumsrecht"},"content":{"rendered":"\t\t<div data-elementor-type=\"wp-page\" data-elementor-id=\"2482\" class=\"elementor elementor-2482\">\n\t\t\t\t\t\t<section class=\"elementor-section elementor-top-section elementor-element elementor-element-4289d399 elementor-section-boxed elementor-section-height-default elementor-section-height-default\" data-id=\"4289d399\" data-element_type=\"section\" data-e-type=\"section\">\n\t\t\t\t\t\t<div class=\"elementor-container elementor-column-gap-default\">\n\t\t\t\t\t<div class=\"elementor-column elementor-col-100 elementor-top-column elementor-element elementor-element-2fc241ad\" data-id=\"2fc241ad\" data-element_type=\"column\" data-e-type=\"column\">\n\t\t\t<div class=\"elementor-widget-wrap elementor-element-populated\">\n\t\t\t\t\t\t<div class=\"elementor-element elementor-element-3e7d351f elementor-widget elementor-widget-text-editor\" data-id=\"3e7d351f\" data-element_type=\"widget\" data-e-type=\"widget\" data-widget_type=\"text-editor.default\">\n\t\t\t\t<div class=\"elementor-widget-container\">\n\t\t\t\t\t\t\t\t\t<p><span style=\"color: #000000;\">Liebe Kolleginnen, liebe Kollegen,<\/span><\/p><p><span style=\"color: #000000;\">verbunden mit den besten W\u00fcnschen zum Neuen Jahr lade ich Sie herzlich zu unseren diesj\u00e4hrigen Seminaren im Miet- und Wohnungseigentumsrecht ein.<\/span><\/p><p><span style=\"color: #000000;\">Wir haben uns entschlossen, in 2025 zun\u00e4chst \u201enur\u201c Pr\u00e4senzveranstaltungen im Gewerberaummietrecht und WEG-Recht anzubieten. Die Seminare finden jeweils im Hotel Hilton, An der Frauenkirche 5 in Dresden statt. Ich gehe davon aus, dass Ihnen allen der von mir gebuchte \u201eSalon Europa\u201c (nat\u00fcrlich mit Blick auf die Elbe) sehr gut gefallen wird.<\/span><\/p><p><span style=\"color: #000000;\">Folgende Termine stehen fest:<\/span><\/p><p><span style=\"color: #000000;\"><strong>1. Freitag, 07. Februar 2025 (insgesamt 7,5 Zeitstunden)<br \/>09:00 Uhr bis 12:00 Uhr<\/strong><\/span><\/p><p><span style=\"color: #000000;\">Aktuelle Obergerichtliche Rechtsprechung im Gewerberaummietrecht<\/span><\/p><p><span style=\"color: #000000;\">Referent: RA Michael Sadlo<\/span><\/p><p><strong><span style=\"color: #000000;\">12:00 Uhr bis 14:00 Uhr<\/span><\/strong><\/p><p><span style=\"color: #000000;\">Der Gewerberaummieter in der Insolvenz<\/span><\/p><p><span style=\"color: #000000;\">Grundlagen des Insolvenzverfahrens, Durchsetzung offener Forderungen, Anfechtung erhal<\/span><span style=\"color: #000000;\">tener Zahlungen<\/span><\/p><p><span style=\"color: #000000;\">Referent: Herr Dr. Dietmar Onusseit<\/span><\/p><p><strong><span style=\"color: #000000;\">14:00 Uhr bis 14:45 Uhr<\/span><\/strong><\/p><p><span style=\"color: #000000;\">Gemeinsames Mittagessen<\/span><\/p><p><strong><span style=\"color: #000000;\">14:45 Uhr bis 18:00 Uhr<\/span><\/strong><\/p><p><span style=\"color: #000000;\">Neues zur Schrift- und Textform\/ Betriebskosten in der Gewerberaummiete<\/span><\/p><p><span style=\"color: #000000;\">Referent: RA Dr. Ulrich Leo<\/span><\/p><p><strong><span style=\"color: #000000;\">2. Samstag, den 08. Februar 2025 (insgesamt 7,5 Zeitstunden)<\/span><\/strong><\/p><p><strong><span style=\"color: #000000;\">09:00 Uhr bis 18:00 Uhr<\/span><\/strong><\/p><p><span style=\"color: #000000;\">Betriebskosten in der Gewerberaummiete<\/span><\/p><p><span style=\"color: #000000;\">Referent: RA Dr. Ulrich Leo<\/span><\/p><p><strong><span style=\"color: #000000;\">3. Freitag, 04. April 2025 (insgesamt 7,5 Zeitstunden)<\/span><\/strong><\/p><p><strong><span style=\"color: #000000;\">09:00 Uhr bis 12:00 Uhr<\/span><\/strong><\/p><p><span style=\"color: #000000;\">Neues zu baulichen Ver\u00e4nderungen i.S.d. \u00a7 20 WEG<\/span><\/p><p><span style=\"color: #000000;\">Referent: RA Andr\u00e9 Leist, Fachanwalt f\u00fcr Miet- und WEG-Recht<\/span><\/p><p><strong><span style=\"color: #000000;\">12:00 bis 14:00 Uhr<\/span><\/strong><\/p><p><span style=\"color: #000000;\">Schnittstellen zwischen WEG- und Grundst\u00fccksrecht<\/span><\/p><p><span style=\"color: #000000;\">Referent: Ass. jur Frank Hellmund (Notariat Dr. Heckschen &amp; Salomon)<\/span><\/p><p><strong><span style=\"color: #000000;\">14:00 Uhr bis 14:45 Uhr<\/span><\/strong><\/p><p><span style=\"color: #000000;\">Gemeinsames Mittagessen<\/span><\/p><p><strong><span style=\"color: #000000;\">14:45 bis 18:00 Uhr<\/span><\/strong><\/p><p><span style=\"color: #000000;\">Aktuelle Obergerichtliche Rechtsprechung zum WEG-Recht<\/span><\/p><p><span style=\"color: #000000;\">Referent: VorsR am LG Dresden Dr. Peter Kie\u00df<\/span><\/p><p><span style=\"color: #000000;\">Die jeweiligen Kaffeepausen werden wir individuell festlegen.<\/span><\/p><p><strong><span style=\"color: #000000;\">Die Referenten sind:<\/span><\/strong><\/p><p><span style=\"color: #000000;\"><a href=\"https:\/\/www.wir-breiholdt.de\/team\/anwaelte\/dr-ulrich-leo\/\" target=\"_blank\" rel=\"noopener\"><span style=\"color: #666699;\"><u>Dr. Ulrich Leo<\/u><\/span><\/a> \u2013 Rechtsanwalt<br \/>Mitherausgeber der Neuen Zeitschrift f\u00fcr Miet- und Wohnungseigentumsrecht Dozent u.a. an der <\/span><span style=\"color: #000000;\">JurGrad gGmbH, Westf\u00e4lische Wilhelms-Universit\u00e4t M\u00fcnster, Rechtswissenschaftliche Fakult\u00e4t Lang<\/span><span style=\"color: #000000;\">j\u00e4hriger Dozent f\u00fcr Gewerberaummietrecht in der Anwaltsfortbildung und f\u00fcr den Bereich der Immobilienwirtschaft<\/span><\/p><p><span style=\"color: #000000;\"><a href=\"https:\/\/2020.sadlo.eu\/wp-content\/uploads\/2022\/09\/Dr.-Dietmar-Onusseit-fuer-Webseite-10_2022k.pdf\" target=\"_blank\" rel=\"noopener\"><span style=\"color: #666699;\"><u>Dr. Dietmar Onusseit<\/u><\/span><\/a> \u2013 Vorsitzender Richter am OLG Dresden a.D.<br \/>2000 \u2013 2022 Vorsitzender Richter des 13. Zivilsenats des Oberlandesgerichts Dresden [Zust\u00e4ndigkeiten v. a.: Insolvenz-, Gesellschafts- und Unternehmenskaufrecht sowie Steuerberater- und Wirtschaftspr\u00fcferhaftung und Verg\u00fctung, einschlie\u00dflich Transportrecht]<\/span><\/p><p><span style=\"color: #000000;\"><a href=\"https:\/\/2020.sadlo.eu\/wp-content\/uploads\/2023\/06\/Dr.-Peter-Kiess-fuer-Webseite-.pdf\" target=\"_blank\" rel=\"noopener\"><span style=\"text-decoration: underline;\"><span style=\"color: #666699; text-decoration: underline;\">Dr. Peter Kie\u00df<\/span><\/span><\/a> \u2013 Vorsitzender Richter am LG Dresden<br \/>Seit 2007 Vorsitzender der 2. Zivilkammer des LG Dresden, die f\u00fcr Berufungen und Beschwerden im <\/span><span style=\"color: #000000;\">WEG-Recht (seit 2009 f\u00fcr ganz Sachsen) zust\u00e4ndig ist, langj\u00e4hriger Dozent f\u00fcr Fortbildung der <\/span><span style=\"color: #000000;\">Rechtsanw\u00e4lte im WEG-Recht und Betreuungsrecht sowie Dozent f\u00fcr WEG-Verwalter.<\/span><\/p><p><span style=\"color: #000000;\"><a href=\"https:\/\/www.heckschen-salomon.de\/notariat.html\" target=\"_blank\" rel=\"noopener\"><span style=\"text-decoration: underline;\"><span style=\"color: #666699; text-decoration: underline;\">Ass. Jur. Frank Hellmund<\/span><\/span><\/a> \u2013 Notariat Dr. Heckschen &amp; Dr. Salomon Dresden<br \/>Seit 1991 in einem der gr\u00f6\u00dften Notariate in Ostdeutschland zust\u00e4ndig f\u00fcr Bautr\u00e4ger- und Grund<\/span><span style=\"color: #000000;\">st\u00fccksrecht, langj\u00e4hriger Referent f\u00fcr Immobilienverb\u00e4nde im Grundst\u00fccks- und WEG-Recht.<\/span><\/p><p><span style=\"color: #000000;\"><span style=\"text-decoration: underline;\"><a href=\"https:\/\/2020.sadlo.eu\/wp-content\/uploads\/2021\/05\/a_leist.pdf\" target=\"_blank\" rel=\"noopener\"><span style=\"color: #666699; text-decoration: underline;\">Andr\u00e9 Leist<\/span>\u00a0<\/a><\/span>\u2013 Fachanwalt f\u00fcr Miet- und Wohnungseigentumsrecht<br \/>Seit 1999 regelm\u00e4\u00dfig Referentent\u00e4tigkeiten f\u00fcr Immobilienverb\u00e4nde im WEG- und Mietrecht, seit <\/span><span style=\"color: #000000;\">2008 Mitglied des Schiedsgerichts des BVI (Bundesfachverband der Immobilienverwalter e.V.), seit <\/span><span style=\"color: #000000;\">2021 Mitglied der Ombudsstelle f\u00fcr MieterInnen der VONOVIA AG in Dresden Co-Autor u.a. bei \u201eEl<\/span><span style=\"color: #000000;\">zer \u2013 Stichwortkommentar Wohnungseigentumsrecht\u201c (2021), Elzer Fritsch Meier \u201eWohnungseigen<\/span><span style=\"color: #000000;\">tumsrecht\u201c (2023)<\/span><\/p><p><span style=\"color: #000000;\"><a href=\"https:\/\/2020.sadlo.eu\/?page_id=134\"><span style=\"color: #666699;\"><span style=\"text-decoration: underline;\">Michael Sadlo<\/span><\/span> <\/a>\u2013 Fachanwalt f\u00fcr Miet- und Wohnungseigentumsrecht<br \/>Langj\u00e4hriger Dozent im Miet- und WEG-Recht sowie f\u00fcr Mediation\/Kommunikation, u.a. f\u00fcr Rechts<\/span><span style=\"color: #000000;\">anwaltskammern, Universit\u00e4ten, Hochschulen. Zertifizierter Mediator (HS Wismar), Trainer f\u00fcr Kom<\/span><span style=\"color: #000000;\">munikation (HS Mittweida\/Psychologisches Zentrum Leipzig). <\/span><span style=\"color: #000000;\">Diskussionen und Interaktionen zwischen Referenten und Teilnehmern werden von uns erm\u00f6glicht <\/span><span style=\"color: #000000;\">und sind ausdr\u00fccklich erw\u00fcnscht.<\/span><\/p><p><span style=\"color: #000000;\">Die Teilnahmegeb\u00fchren ersehen Sie aus dem beiliegenden <a href=\"https:\/\/2020.sadlo.eu\/wp-content\/uploads\/2025\/01\/MuWEG-Anmeldeformular-2025.pdf\" target=\"_blank\" rel=\"noopener\">Anmeldeformular<\/a>.<\/span><\/p><p><span style=\"color: #000000;\">Die Veranstaltungen erf\u00fcllen das Erfordernis der Pflichtfortbildung gem. \u00a7 15 FAO. Die Zertifikate werden nach Ende des Seminars per E-Mail \u00fcbermittelt.<\/span><\/p><p><span style=\"color: #000000;\">Ich freue mich auf Ihr Kommen.<\/span><\/p><p><span style=\"color: #000000;\">Mit freundlichen kollegialen Gr\u00fc\u00dfen<\/span><\/p><p><span style=\"color: #000000;\">Michael Sadlo<\/span><br \/><span style=\"color: #000000;\">Rechtsanwalt<\/span><\/p>\t\t\t\t\t\t\t\t<\/div>\n\t\t\t\t<\/div>\n\t\t\t\t\t<\/div>\n\t\t<\/div>\n\t\t\t\t\t<\/div>\n\t\t<\/section>\n\t\t\t\t<\/div>\n\t\t","protected":false},"excerpt":{"rendered":"<p>Liebe Kolleginnen, liebe Kollegen, verbunden mit den besten W\u00fcnschen zum Neuen Jahr lade ich Sie herzlich zu unseren diesj\u00e4hrigen Seminaren im Miet- und Wohnungseigentumsrecht ein. Wir haben uns entschlossen, in&#8230;<\/p>\n","protected":false},"author":1,"featured_media":0,"parent":2477,"menu_order":1,"comment_status":"closed","ping_status":"closed","template":"","meta":{"_EventAllDay":false,"_EventTimezone":"","_EventStartDate":"","_EventEndDate":"","_EventStartDateUTC":"","_EventEndDateUTC":"","_EventShowMap":false,"_EventShowMapLink":false,"_EventURL":"","_EventCost":"","_EventCostDescription":"","_EventCurrencySymbol":"","_EventCurrencyCode":"","_EventCurrencyPosition":"","_EventDateTimeSeparator":"","_EventTimeRangeSeparator":"","_EventOrganizerID":[],"_EventVenueID":[],"_OrganizerEmail":"","_OrganizerPhone":"","_OrganizerWebsite":"","_VenueAddress":"","_VenueCity":"","_VenueCountry":"","_VenueProvince":"","_VenueState":"","_VenueZip":"","_VenuePhone":"","_VenueURL":"","_VenueStateProvince":"","_VenueLat":"","_VenueLng":"","_VenueShowMap":false,"_VenueShowMapLink":false,"footnotes":""},"class_list":["post-2482","page","type-page","status-publish","hentry"],"yoast_head":"<!-- This site is optimized with the Yoast SEO plugin v27.5 - https:\/\/yoast.com\/product\/yoast-seo-wordpress\/ -->\n<title>Seminare 2025 Miet- und Wohnungseigentumsrecht -<\/title>\n<meta name=\"robots\" content=\"index, follow, max-snippet:-1, max-image-preview:large, max-video-preview:-1\" \/>\n<link rel=\"canonical\" href=\"https:\/\/2020.sadlo.eu\/?page_id=2482\" \/>\n<meta property=\"og:locale\" content=\"de_DE\" \/>\n<meta property=\"og:type\" content=\"article\" \/>\n<meta property=\"og:title\" content=\"Seminare 2025 Miet- und Wohnungseigentumsrecht -\" \/>\n<meta property=\"og:description\" content=\"Liebe Kolleginnen, liebe Kollegen, verbunden mit den besten W\u00fcnschen zum Neuen Jahr lade ich Sie herzlich zu unseren diesj\u00e4hrigen Seminaren im Miet- und Wohnungseigentumsrecht ein. Wir haben uns entschlossen, in...\" \/>\n<meta property=\"og:url\" content=\"https:\/\/2020.sadlo.eu\/?page_id=2482\" \/>\n<meta property=\"article:modified_time\" content=\"2025-01-16T11:23:50+00:00\" \/>\n<meta name=\"twitter:card\" content=\"summary_large_image\" \/>\n<meta name=\"twitter:label1\" content=\"Gesch\u00e4tzte Lesezeit\" \/>\n\t<meta name=\"twitter:data1\" content=\"4\u00a0Minuten\" \/>\n<script type=\"application\/ld+json\" class=\"yoast-schema-graph\">{\"@context\":\"https:\\\/\\\/schema.org\",\"@graph\":[{\"@type\":\"WebPage\",\"@id\":\"https:\\\/\\\/2020.sadlo.eu\\\/?page_id=2482\",\"url\":\"https:\\\/\\\/2020.sadlo.eu\\\/?page_id=2482\",\"name\":\"Seminare 2025 Miet- und Wohnungseigentumsrecht -\",\"isPartOf\":{\"@id\":\"https:\\\/\\\/2020.sadlo.eu\\\/#website\"},\"datePublished\":\"2025-01-13T20:53:53+00:00\",\"dateModified\":\"2025-01-16T11:23:50+00:00\",\"breadcrumb\":{\"@id\":\"https:\\\/\\\/2020.sadlo.eu\\\/?page_id=2482#breadcrumb\"},\"inLanguage\":\"de\",\"potentialAction\":[{\"@type\":\"ReadAction\",\"target\":[\"https:\\\/\\\/2020.sadlo.eu\\\/?page_id=2482\"]}]},{\"@type\":\"BreadcrumbList\",\"@id\":\"https:\\\/\\\/2020.sadlo.eu\\\/?page_id=2482#breadcrumb\",\"itemListElement\":[{\"@type\":\"ListItem\",\"position\":1,\"name\":\"Startseite\",\"item\":\"https:\\\/\\\/2020.sadlo.eu\\\/\"},{\"@type\":\"ListItem\",\"position\":2,\"name\":\"Seminare 2025\",\"item\":\"https:\\\/\\\/2020.sadlo.eu\\\/?page_id=2477\"},{\"@type\":\"ListItem\",\"position\":3,\"name\":\"Seminare 2025 Miet- und Wohnungseigentumsrecht\"}]},{\"@type\":\"WebSite\",\"@id\":\"https:\\\/\\\/2020.sadlo.eu\\\/#website\",\"url\":\"https:\\\/\\\/2020.sadlo.eu\\\/\",\"name\":\"\",\"description\":\"\",\"publisher\":{\"@id\":\"https:\\\/\\\/2020.sadlo.eu\\\/#organization\"},\"potentialAction\":[{\"@type\":\"SearchAction\",\"target\":{\"@type\":\"EntryPoint\",\"urlTemplate\":\"https:\\\/\\\/2020.sadlo.eu\\\/?s={search_term_string}\"},\"query-input\":{\"@type\":\"PropertyValueSpecification\",\"valueRequired\":true,\"valueName\":\"search_term_string\"}}],\"inLanguage\":\"de\"},{\"@type\":\"Organization\",\"@id\":\"https:\\\/\\\/2020.sadlo.eu\\\/#organization\",\"name\":\"RA Michael Sadlo\",\"url\":\"https:\\\/\\\/2020.sadlo.eu\\\/\",\"logo\":{\"@type\":\"ImageObject\",\"inLanguage\":\"de\",\"@id\":\"https:\\\/\\\/2020.sadlo.eu\\\/#\\\/schema\\\/logo\\\/image\\\/\",\"url\":\"https:\\\/\\\/2020.sadlo.eu\\\/wp-content\\\/uploads\\\/2020\\\/01\\\/190912-Rene-Gaens-RA-Michael-Sadlo-L1050274-6-scaled.jpg\",\"contentUrl\":\"https:\\\/\\\/2020.sadlo.eu\\\/wp-content\\\/uploads\\\/2020\\\/01\\\/190912-Rene-Gaens-RA-Michael-Sadlo-L1050274-6-scaled.jpg\",\"width\":2361,\"height\":2560,\"caption\":\"RA Michael Sadlo\"},\"image\":{\"@id\":\"https:\\\/\\\/2020.sadlo.eu\\\/#\\\/schema\\\/logo\\\/image\\\/\"}}]}<\/script>\n<!-- \/ Yoast SEO plugin. -->","yoast_head_json":{"title":"Seminare 2025 Miet- und Wohnungseigentumsrecht -","robots":{"index":"index","follow":"follow","max-snippet":"max-snippet:-1","max-image-preview":"max-image-preview:large","max-video-preview":"max-video-preview:-1"},"canonical":"https:\/\/2020.sadlo.eu\/?page_id=2482","og_locale":"de_DE","og_type":"article","og_title":"Seminare 2025 Miet- und Wohnungseigentumsrecht -","og_description":"Liebe Kolleginnen, liebe Kollegen, verbunden mit den besten W\u00fcnschen zum Neuen Jahr lade ich Sie herzlich zu unseren diesj\u00e4hrigen Seminaren im Miet- und Wohnungseigentumsrecht ein. Wir haben uns entschlossen, in...","og_url":"https:\/\/2020.sadlo.eu\/?page_id=2482","article_modified_time":"2025-01-16T11:23:50+00:00","twitter_card":"summary_large_image","twitter_misc":{"Gesch\u00e4tzte Lesezeit":"4\u00a0Minuten"},"schema":{"@context":"https:\/\/schema.org","@graph":[{"@type":"WebPage","@id":"https:\/\/2020.sadlo.eu\/?page_id=2482","url":"https:\/\/2020.sadlo.eu\/?page_id=2482","name":"Seminare 2025 Miet- und Wohnungseigentumsrecht -","isPartOf":{"@id":"https:\/\/2020.sadlo.eu\/#website"},"datePublished":"2025-01-13T20:53:53+00:00","dateModified":"2025-01-16T11:23:50+00:00","breadcrumb":{"@id":"https:\/\/2020.sadlo.eu\/?page_id=2482#breadcrumb"},"inLanguage":"de","potentialAction":[{"@type":"ReadAction","target":["https:\/\/2020.sadlo.eu\/?page_id=2482"]}]},{"@type":"BreadcrumbList","@id":"https:\/\/2020.sadlo.eu\/?page_id=2482#breadcrumb","itemListElement":[{"@type":"ListItem","position":1,"name":"Startseite","item":"https:\/\/2020.sadlo.eu\/"},{"@type":"ListItem","position":2,"name":"Seminare 2025","item":"https:\/\/2020.sadlo.eu\/?page_id=2477"},{"@type":"ListItem","position":3,"name":"Seminare 2025 Miet- und Wohnungseigentumsrecht"}]},{"@type":"WebSite","@id":"https:\/\/2020.sadlo.eu\/#website","url":"https:\/\/2020.sadlo.eu\/","name":"","description":"","publisher":{"@id":"https:\/\/2020.sadlo.eu\/#organization"},"potentialAction":[{"@type":"SearchAction","target":{"@type":"EntryPoint","urlTemplate":"https:\/\/2020.sadlo.eu\/?s={search_term_string}"},"query-input":{"@type":"PropertyValueSpecification","valueRequired":true,"valueName":"search_term_string"}}],"inLanguage":"de"},{"@type":"Organization","@id":"https:\/\/2020.sadlo.eu\/#organization","name":"RA Michael Sadlo","url":"https:\/\/2020.sadlo.eu\/","logo":{"@type":"ImageObject","inLanguage":"de","@id":"https:\/\/2020.sadlo.eu\/#\/schema\/logo\/image\/","url":"https:\/\/2020.sadlo.eu\/wp-content\/uploads\/2020\/01\/190912-Rene-Gaens-RA-Michael-Sadlo-L1050274-6-scaled.jpg","contentUrl":"https:\/\/2020.sadlo.eu\/wp-content\/uploads\/2020\/01\/190912-Rene-Gaens-RA-Michael-Sadlo-L1050274-6-scaled.jpg","width":2361,"height":2560,"caption":"RA Michael Sadlo"},"image":{"@id":"https:\/\/2020.sadlo.eu\/#\/schema\/logo\/image\/"}}]}},"_links":{"self":[{"href":"https:\/\/2020.sadlo.eu\/index.php?rest_route=\/wp\/v2\/pages\/2482","targetHints":{"allow":["GET"]}}],"collection":[{"href":"https:\/\/2020.sadlo.eu\/index.php?rest_route=\/wp\/v2\/pages"}],"about":[{"href":"https:\/\/2020.sadlo.eu\/index.php?rest_route=\/wp\/v2\/types\/page"}],"author":[{"embeddable":true,"href":"https:\/\/2020.sadlo.eu\/index.php?rest_route=\/wp\/v2\/users\/1"}],"replies":[{"embeddable":true,"href":"https:\/\/2020.sadlo.eu\/index.php?rest_route=%2Fwp%2Fv2%2Fcomments&post=2482"}],"version-history":[{"count":13,"href":"https:\/\/2020.sadlo.eu\/index.php?rest_route=\/wp\/v2\/pages\/2482\/revisions"}],"predecessor-version":[{"id":2499,"href":"https:\/\/2020.sadlo.eu\/index.php?rest_route=\/wp\/v2\/pages\/2482\/revisions\/2499"}],"up":[{"embeddable":true,"href":"https:\/\/2020.sadlo.eu\/index.php?rest_route=\/wp\/v2\/pages\/2477"}],"wp:attachment":[{"href":"https:\/\/2020.sadlo.eu\/index.php?rest_route=%2Fwp%2Fv2%2Fmedia&parent=2482"}],"curies":[{"name":"wp","href":"https:\/\/api.w.org\/{rel}","templated":true}]}}