{"id":2310,"date":"2024-01-14T20:25:23","date_gmt":"2024-01-14T19:25:23","guid":{"rendered":"https:\/\/2020.sadlo.eu\/?page_id=2310"},"modified":"2025-01-16T14:00:30","modified_gmt":"2025-01-16T13:00:30","slug":"seminare-2024","status":"publish","type":"page","link":"https:\/\/2020.sadlo.eu\/?page_id=2310","title":{"rendered":"Seminare 2024"},"content":{"rendered":"\t\t<div data-elementor-type=\"wp-page\" data-elementor-id=\"2310\" class=\"elementor elementor-2310\">\n\t\t\t\t\t\t<section class=\"elementor-section elementor-top-section elementor-element elementor-element-4289d399 elementor-section-boxed elementor-section-height-default elementor-section-height-default\" data-id=\"4289d399\" data-element_type=\"section\" data-e-type=\"section\">\n\t\t\t\t\t\t<div class=\"elementor-container elementor-column-gap-default\">\n\t\t\t\t\t<div class=\"elementor-column elementor-col-100 elementor-top-column elementor-element elementor-element-2fc241ad\" data-id=\"2fc241ad\" data-element_type=\"column\" data-e-type=\"column\">\n\t\t\t<div class=\"elementor-widget-wrap elementor-element-populated\">\n\t\t\t\t\t\t<div class=\"elementor-element elementor-element-3e7d351f elementor-widget elementor-widget-text-editor\" data-id=\"3e7d351f\" data-element_type=\"widget\" data-e-type=\"widget\" data-widget_type=\"text-editor.default\">\n\t\t\t\t<div class=\"elementor-widget-container\">\n\t\t\t\t\t\t\t\t\tLiebe Kolleginnen und Kollegen,\n\nich lade Sie herzlich zu unseren diesj\u00e4hrigen Pr\u00e4senz- und Hybridseminaren im Miet- und Wohnungseigentumsrecht ein.<span class=\"Apple-converted-space\">\u00a0<\/span>\n\n\u201eHybrid\u201c bedeutet dass Sie entweder als Pr\u00e4senzteilnehmer vor Ort in meiner Kanzlei teilnehmen oder die Tagung alternativ im Wege der Video\u00fcbertragung online verfolgen. Die Zahl der Pr\u00e4senzpl\u00e4tze ist begrenzt. Die der Online-Teilnehmer auch.\nDiskussionen und Interaktionen zwischen Referenten und Teilnehmern werden von uns erm\u00f6glicht, sind ausdr\u00fccklich gew\u00fcnscht und werden so moderiert, dass nichts aus dem Ruder l\u00e4uft.<span class=\"Apple-converted-space\">\u00a0<\/span>\n\nDie Teilnahmegeb\u00fchren ersehen Sie bitte der beiliegenden <a href=\"https:\/\/2020.sadlo.eu\/wp-content\/uploads\/2024\/01\/Anmeldeformular-2024.pdf\" target=\"_blank\" rel=\"noopener\"><strong>Anmeldung.<\/strong><\/a>\n\nIch freue mich auf Ihre Teilnahme.\nWer nur einzelne Vortr\u00e4ge buchen oder tauschen will, kann gerne auf mich zukommen. Wir werden eine L\u00f6sung finden.\n\nMit freundlichen kollegialen Gr\u00fc\u00dfen\n\nMichael Sadlo\nRechtsanwalt\n<h2><b>Die Referenten:<span class=\"Apple-converted-space\">\u00a0<\/span><\/b><\/h2>\n<b><a href=\"https:\/\/www.wir-breiholdt.de\/team\/anwaelte\/dr-ulrich-leo\/\" target=\"_blank\" rel=\"noopener\">Dr. Ulrich Leo<\/a> \u2013 <\/b>Rechtsanwalt\n\nMitherausgeber der Neuen Zeitschrift f\u00fcr Miet- und Wohnungseigentumsrecht Dozent u.a. an der JurGrad gGmbH, Westf\u00e4lische Wilhelms-Universit\u00e4t M\u00fcnster, Rechtswissenschaftliche Fakult\u00e4t Langj\u00e4hriger Dozent f\u00fcr Gewerberaummietrecht in der Anwaltsfortbildung und f\u00fcr den Bereich der Immobilienwirtschaft<span class=\"Apple-converted-space\">\u00a0<\/span>\n\n<b><a href=\"https:\/\/2020.sadlo.eu\/wp-content\/uploads\/2022\/09\/Dr.-Dietmar-Onusseit-fuer-Webseite-10_2022k.pdf\" target=\"_blank\" rel=\"noopener\">Dr. Dietmar Onusseit<\/a> &#8211; <\/b>Vorsitzender Richter am OLG Dresden a.D.\n\n2000 \u2013 2022 Vorsitzender Richter des 13. Zivilsenats des Oberlandesgerichts Dresden [Zust\u00e4ndigkeiten v. a.: Insolvenz-, Gesell-schafts- und Unternehmenskaufrecht sowie Steuerberater- und Wirtschaftspr\u00fcferhaftung und Verg\u00fctung, einschlie\u00dflich Transportrecht]<span class=\"Apple-converted-space\">\u00a0<\/span>\n\n<b><a href=\"https:\/\/2020.sadlo.eu\/wp-content\/uploads\/2023\/06\/Dr.-Peter-Kiess-fuer-Webseite-.pdf\" target=\"_blank\" rel=\"noopener\">Dr. Peter Kie\u00df<\/a> \u2013 <\/b>Vorsitzender Richter am LG Dresden<span class=\"Apple-converted-space\">\u00a0<\/span>\n\nseit 2007 Vorsitzender der 2. Zivilkammer des LG Dresden, die f\u00fcr Berufungen und Beschwerden im WEG-Recht (seit 2009 f\u00fcr ganz Sachsen) zust\u00e4ndig ist, langj\u00e4hriger Dozent f\u00fcr Fortbildung der Rechtsanw\u00e4lte im WEG-Recht und Betreuungsrecht sowie Dozent f\u00fcr WEG-Verwalter<span class=\"Apple-converted-space\">\u00a0<\/span>\n\n<a href=\"https:\/\/2020.sadlo.eu\/wp-content\/uploads\/2020\/01\/Thomas-Gebhard-Webseite-neu-160120201500.pdf\" target=\"_blank\" rel=\"noopener\"><b>Thomas Gebhard <\/b><\/a>\u2013 weiterer aufsichtsf\u00fchrender Richter am AG Dresden<span class=\"Apple-converted-space\">\u00a0<\/span>\n\n2006-2018 Amtsgericht Dresden, Abteilungsleiter Miet-, Zivil-, Zwangsversteigerungssachen, seit 2019 Amtsgericht Dresden, Abteilungsleiter und Richter f\u00fcr Betreuungs- und Unterbringungs- sowie Grundbuchsachen, seit 1994 Dozent f\u00fcr Zivil-, Straf-, Erb- und Arbeitsrecht bei Privatrepetitorium<span class=\"Apple-converted-space\">\u00a0<\/span>\n\n<a href=\"https:\/\/2020.sadlo.eu\/wp-content\/uploads\/2021\/05\/a_leist.pdf\" target=\"_blank\" rel=\"noopener\"><b>Andr\u00e9 Leist <\/b><\/a>\u2013 Fachanwalt f\u00fcr Miet- und Wohnungseigentumsrecht<span class=\"Apple-converted-space\">\u00a0<\/span>\n\nseit 1999 regelm\u00e4\u00dfig Referentent\u00e4tigkeiten f\u00fcr Immobilienverb\u00e4nde im WEG- und Mietrecht, seit 2008 Mitglied des Schieds-gerichts des BVI (Bundesfachverband der Immobilienverwalter e.V.), seit 2021 Mitglied der Ombudsstelle f\u00fcr MieterInnen der VONOVIA AG in Dresden Co-Autor u.a. bei \u201eElzer &#8211; Stichwortkommentar Wohnungseigentumsrecht\u201c (2021), Elzer Fritsch Meier \u201eWohnungseigentums-recht\u201c (2023)<span class=\"Apple-converted-space\">\u00a0<\/span>\n\n<a href=\"https:\/\/2020.sadlo.eu\/?page_id=134\"><b>Michael Sadlo <\/b><\/a>&#8211; Fachanwalt f\u00fcr Miet- und Wohnungseigentumsrecht<span class=\"Apple-converted-space\">\u00a0<\/span>\n\nLangj\u00e4hriger Dozent im Miet- und WEG-Recht sowie f\u00fcr Mediation\/Kommunikation, u.a. f\u00fcr Rechtsanwaltskammern, Univer-sit\u00e4ten, Hochschulen. Zertifizierter Mediator (HS Wismar),Trainer f\u00fcr Kommunikation (HS Mittweida\/Psychologisches Zentrum Leipzig)<span class=\"Apple-converted-space\">\u00a0<\/span>\n<h2><strong>Die Termine<\/strong><\/h2>\n<div>\n<table>\n<tbody>\n<tr>\n<td style=\"text-align: left;\">\n<h4><strong>19. April 2024<\/strong><\/h4>\n<h5>von 08:30 bis 17:30 Uhr Vortrag (incl. 1,5 Stunden Mittags- und Kaffeepause)<\/h5>\n<h6><strong>Referent:\n<\/strong><a href=\"https:\/\/www.wir-breiholdt.de\/team\/anwaelte\/dr-ulrich-leo\/\" target=\"_blank\" rel=\"noopener\"><span style=\"color: #000000;\"><b>RA Dr. Ulrich Leo<\/b><\/span><\/a><\/h6>\n<\/td>\n<td valign=\"top\">\n<h4 style=\"text-align: center;\"><strong><span style=\"color: #ff0000;\">Pr\u00e4senzseminar (7,5 Zeitstunden)<\/span><\/strong><\/h4>\n<h5><strong><span style=\"color: #000000;\">Gewerberaummietrecht (7,5 Zeitstunden)<\/span><\/strong><\/h5>\n<p style=\"text-align: left;\">Optimale Vertragsgesaltung unter Ber\u00fccksichtigung der aktuellen Rechtsprechung und Gesetzgebung<\/p>\n<\/td>\n<td>\n<h5>Anmeldung<\/h5>\n<h6><\/h6>\n<\/td>\n<\/tr>\n<tr>\n<td style=\"text-align: left;\">\n<h4><strong>24. Mai 2024<\/strong><strong>\n<\/strong>\nvon 08:30 bis 11:15 Uhr Vortrag (incl. 1\/4 Stunde Kaffeepause)<\/h4>\n<h6><strong>Referent:\n<\/strong><a href=\"https:\/\/2020.sadlo.eu\/wp-content\/uploads\/2022\/09\/Dr.-Dietmar-Onusseit-fuer-Webseite-10_2022k.pdf\" target=\"_blank\" rel=\"noopener\"><span style=\"color: #000000;\"><b>Dr. Dietmar Onusseit<\/b><\/span><\/a><\/h6>\n<\/td>\n<td valign=\"top\">\n<h4 style=\"text-align: center;\"><strong><span style=\"color: #ff0000;\">Hybridseminar (insgesamt 7,5 Zeitstunden)<\/span><\/strong><\/h4>\n<h5><strong><span style=\"color: #000000;\">Modul 1: Gewerberaummietrecht (2,5 Zeitstunden)<\/span><\/strong><\/h5>\n<p style=\"text-align: left;\">Der Gewerberaummieter in der Inolvenz<\/p>\n\n<ul>\n \t<li style=\"text-align: left;\">Grundlagen des Insolvenzverfahrens,<\/li>\n \t<li style=\"text-align: left;\">Durchsetzung ofener Forderungen,<\/li>\n \t<li style=\"text-align: left;\">Anfechtung erhaltener Zahlungen<\/li>\n<\/ul>\n<\/td>\n<td>\n<h5>Anmeldung<\/h5>\n<h6><\/h6>\n<\/td>\n<\/tr>\n<tr>\n<td style=\"text-align: left;\">\n<h4><strong>24. Mai 2024<\/strong><\/h4>\n<h5>von 11:30 bis 17:30 Uhr (incl. 3\/4 Stunde Mittags- und 1\/4 Stunde Kaffeepause)<\/h5>\n<h6><strong>Referenten:<\/strong><\/h6>\n<h6><strong><span style=\"color: #000000;\"><a style=\"color: #000000;\" href=\"https:\/\/2020.sadlo.eu\/wp-content\/uploads\/2021\/05\/a_leist.pdf\" target=\"_blank\" rel=\"noopener noreferrer\">Andr\u00e8 Leist (Fachanwalt f\u00fcr Miet- und WEG-Recht)<\/a><\/span><\/strong><\/h6>\n<h6><strong><a style=\"color: #000000;\" href=\"https:\/\/2020.sadlo.eu\/wp-content\/uploads\/2023\/06\/Dr.-Peter-Kiess-fuer-Webseite-.pdf\" target=\"_blank\" rel=\"noopener noreferrer\">Dr. Peter Kie\u00df (VorsR am LG Dresden)<\/a><\/strong><\/h6>\n<h6><\/h6>\n<\/td>\n<td valign=\"top\">\n<h5><strong><span style=\"color: #000000;\">Modul 2: Wohnungseigentumsrecht (5 Zeitstunden)<\/span><\/strong><\/h5>\n<ul>\n \t<li style=\"text-align: left;\">Aktuelle Rechtsprehung zum WEG-Recht<\/li>\n \t<li style=\"text-align: left;\">bauliche Ver\u00e4nderungen, Neues zum GEG<\/li>\n \t<li style=\"text-align: left;\">Schnittstellen zwischen WEG- und Mietrecht<\/li>\n \t<li style=\"text-align: left;\">Pflichten des Verwalters und der Wohnungseigent\u00fcmer im Rahmen der Instandhaltung und Instandsetzung<\/li>\n<\/ul>\n<p style=\"text-align: left;\">11:30 Uhr bis 13:15 Uhr Vortrag Herr Leist<\/p>\n<p style=\"text-align: left;\">13:15 Uhr bis 14:00 Uhr Mittagspause<\/p>\n<p style=\"text-align: left;\">14:00 Uhr bs 17:30 Uhr Vortrag Herr Dr. Kie\u00df (incl. 1\/4 Stunde Kaffeepause)<\/p>\n<\/td>\n<td>\n<h5>Anmeldung<\/h5>\n<h6><\/h6>\n<\/td>\n<\/tr>\n<tr>\n<td style=\"text-align: left;\">\n<h4><strong>25. Mai 2024<\/strong><strong>\n<\/strong>\nvon 08:30 bis 11:15 Uhr Vortrag (incl. 1\/4 Stunde Kaffeepause)<\/h4>\n<h6><strong>Referent:\nRA Michael Sadlo<\/strong><\/h6>\n<\/td>\n<td>\n<h4 style=\"text-align: center;\"><strong><span style=\"color: #ff0000;\">Hybridseminar (insgesamt 7,5 Zeitstunden)<\/span><\/strong><\/h4>\n<h5><strong><span style=\"color: #000000;\">Modul 1: Gewerberaummietrecht (2,5 Zeitstunden)<\/span><\/strong><\/h5>\nAktuelle Gesetzgebung und obergerichtliche Rechtsprechung<\/td>\n<td>\n<h5>Anmeldung<\/h5>\n<h6><\/h6>\n<\/td>\n<\/tr>\n<tr>\n<td style=\"text-align: left;\">\n<h4><strong>25. Mai 2024<\/strong><\/h4>\n<h5>von 11:30 bis 17:30 Uhr (incl. 3\/4 Stunde Mittags- und 1\/4 Stunde Kaffeepause)<\/h5>\n<h6><strong>Referent:\n<b><\/b><\/strong><\/h6>\n<h6><strong><a style=\"color: #000000;\" href=\"https:\/\/2020.sadlo.eu\/wp-content\/uploads\/2020\/01\/Thomas-Gebhard-Webseite-neu-160120201500.pdf\" target=\"_blank\" rel=\"noopener noreferrer\">Thomas Gebhard (weiterer aufsichtsf\u00fchrender Richter am AG Dresden)<\/a><\/strong><\/h6>\n<h6><strong>\n<span style=\"color: #000000;\">\n<\/span><\/strong><\/h6>\n<\/td>\n<td valign=\"top\">\n<h5><strong><span style=\"color: #000000;\">Modul 2: Wohnungsmietrecht (5 Zeitstunden)<\/span><\/strong><\/h5>\n<ul>\n \t<li style=\"text-align: left;\">Aktuelle Gesetzgebung und obergerichtliche Rechtsprechung<\/li>\n \t<li style=\"text-align: left;\">Auswirkungen der Energiekrise\/Informationspflichten des Vermieters<\/li>\n<\/ul>\n<p style=\"text-align: left;\">11:30 Uhr bis 13:15 Uhr Vortrag<\/p>\n<p style=\"text-align: left;\">13:15 Uhr bis 14:00 Uhr Mittagspause<\/p>\n<p style=\"text-align: left;\">14:00 Uhr bs 17:30 Uhr Vortrag (incl. 1\/4 Stunde Kaffeepause)<\/p>\n<\/td>\n<td>\n<h5>Anmeldung<\/h5>\n<h6><\/h6>\n<\/td>\n<\/tr>\n<tr>\n<td style=\"text-align: left;\">\n<h4><strong>31. Mai 2024<\/strong><strong>\n<\/strong><\/h4>\n<h5>von 08:30 bis 11:15 Uhr Vortrag (incl. 1\/4 Stunde Kaffeepause)<\/h5>\n<h6><strong>Referent:\n<\/strong><a href=\"https:\/\/2020.sadlo.eu\/wp-content\/uploads\/2022\/09\/Dr.-Dietmar-Onusseit-fuer-Webseite-10_2022k.pdf\" target=\"_blank\" rel=\"noopener\"><span style=\"color: #000000;\"><b>Dr. Dietmar Onusseit<\/b><\/span><\/a><\/h6>\n<\/td>\n<td valign=\"top\">\n<h4 style=\"text-align: center;\"><strong><span style=\"color: #ff0000;\">Hybridseminar (insgesamt 7,5 Zeitstunden)<\/span><\/strong><\/h4>\n<h5><strong><span style=\"color: #000000;\">Modul 1: Gewerberaummietrecht (2,5 Zeitstunden)<\/span><\/strong><\/h5>\n<p style=\"text-align: left;\">Der Gewerberaummieter in der Inolvenz<\/p>\n\n<ul>\n \t<li style=\"text-align: left;\">Grundlagen des Insolvenzverfahrens,<\/li>\n \t<li style=\"text-align: left;\">Durchsetzung ofener Forderungen,<\/li>\n \t<li style=\"text-align: left;\">Anfechtung erhaltener Zahlungen<\/li>\n<\/ul>\n<\/td>\n<td>\n<h5>Anmeldung<\/h5>\n<h6><\/h6>\n<\/td>\n<\/tr>\n<tr>\n<td style=\"text-align: left;\">\n<h4><strong>31. Mai 2024<\/strong><\/h4>\n<h5>von 11:30 bis 17:30 Uhr (incl. 3\/4 Stunde Mittags- und 1\/4 Stunde Kaffeepause)<\/h5>\n<h6><strong>Referenten:<\/strong><\/h6>\n<h6><strong><span style=\"color: #000000;\"><a style=\"color: #000000;\" href=\"https:\/\/2020.sadlo.eu\/wp-content\/uploads\/2021\/05\/a_leist.pdf\" target=\"_blank\" rel=\"noopener noreferrer\">Andr\u00e8 Leist (Fachanwalt f\u00fcr Miet- und WEG-Recht)<\/a><\/span><\/strong><\/h6>\n<h6><strong><a style=\"color: #000000;\" href=\"https:\/\/2020.sadlo.eu\/wp-content\/uploads\/2023\/06\/Dr.-Peter-Kiess-fuer-Webseite-.pdf\" target=\"_blank\" rel=\"noopener noreferrer\">Dr. Peter Kie\u00df (VorsR am LG Dresden)<\/a><\/strong><\/h6>\n<\/td>\n<td valign=\"top\">\n<h5><strong><span style=\"color: #000000;\">Modul 2: Wohnungseigentumsrecht (5 Zeitstunden)<\/span><\/strong><\/h5>\n<ul>\n \t<li style=\"text-align: left;\">Aktuelle Rechtsprehung zum WEG-Recht<\/li>\n \t<li style=\"text-align: left;\">bauliche Ver\u00e4nderungen, insb. E-Mobilit\u00e4t und Balkonkraftwerke, Neues zum GEG<\/li>\n \t<li style=\"text-align: left;\">Schnittstellen zwischen WG- und Mietrecht<\/li>\n<\/ul>\n<p style=\"text-align: left;\">11:30 Uhr bis 13:15 Uhr Vortrag<\/p>\n<p style=\"text-align: left;\">13:15 Uhr bis 14:00 Uhr Mittagspause<\/p>\n<p style=\"text-align: left;\">14:00 Uhr bs 17:30 Uhr Vortrag (incl. 1\/4 Stunde Kaffeepause)<\/p>\n<\/td>\n<td>\n<h5>Anmeldung<\/h5>\n<h6><\/h6>\n<\/td>\n<\/tr>\n<tr>\n<td style=\"text-align: left;\">\n<h4><strong>07. Juni 2024<\/strong><strong>\n<\/strong>\nvon 08:30 bis 14:30 Uhr (incl. 1 Stunde Kaffee- und Mitgspause)<\/h4>\n<h6><strong>Referent:\n<b><\/b><\/strong><\/h6>\n<h6><strong><a style=\"color: #000000;\" href=\"https:\/\/2020.sadlo.eu\/wp-content\/uploads\/2020\/01\/Thomas-Gebhard-Webseite-neu-160120201500.pdf\" target=\"_blank\" rel=\"noopener noreferrer\">Thomas Gebhard (weiterer aufsichtsf\u00fchrender Richter am AG Dresden)<\/a><\/strong><\/h6>\n<\/td>\n<td valign=\"top\">\n<h4 style=\"text-align: center;\"><strong><span style=\"color: #ff0000;\">Hybridseminar (insgesamt 7,5 Zeitstunden)<\/span><\/strong><\/h4>\n<h5><strong><span style=\"color: #000000;\">Modul 1: Wohnungsmietrecht (5 Zeitstunden)<\/span><\/strong><\/h5>\n<ul>\n \t<li style=\"text-align: left;\">Aktuelle Gesetzgebung und obergerichtliche Rechtsprechung<\/li>\n \t<li style=\"text-align: left;\">Auswirkungen der Energiekrise\/Informationspflichten des Vermieters<\/li>\n \t<li style=\"text-align: left;\">Exkurs: Instandhaltung\/Instandsetzung\/Wartung\/Sch\u00f6nheitreparaturen &#8211; Was geht in der Wohnraummiete<\/li>\n<\/ul>\n<\/td>\n<td>\n<h5>Anmeldung<\/h5>\n<h6><\/h6>\n<\/td>\n<\/tr>\n<tr>\n<td style=\"text-align: left;\">\n<h4><strong>07. Juni 2024<\/strong><strong>\n<\/strong>\nvon 14:30 bis 17:30 Uhr (incl. 1\/4 Stunde Kaffeepause)<\/h4>\n<h6><strong>Referent:\nRA Michael Sadlo<\/strong><\/h6>\n<\/td>\n<td valign=\"top\">\n<h5><strong><span style=\"color: #000000;\">Modul 2: Gewerberaummietrecht (2,5 Zeitstunden)<\/span><\/strong><\/h5>\n<p style=\"text-align: left;\">Aktuelle obergerichtliche Rechtsprechung<\/p>\n<\/td>\n<td>\n<h5>Anmeldung<\/h5>\n<h6><\/h6>\n<\/td>\n<\/tr>\n<\/tbody>\n<\/table>\n<\/div>\t\t\t\t\t\t\t\t<\/div>\n\t\t\t\t<\/div>\n\t\t\t\t\t<\/div>\n\t\t<\/div>\n\t\t\t\t\t<\/div>\n\t\t<\/section>\n\t\t\t\t<\/div>\n\t\t","protected":false},"excerpt":{"rendered":"<p>Liebe Kolleginnen und Kollegen, ich lade Sie herzlich zu unseren diesj\u00e4hrigen Pr\u00e4senz- und Hybridseminaren im Miet- und Wohnungseigentumsrecht ein.\u00a0 \u201eHybrid\u201c bedeutet dass Sie entweder als Pr\u00e4senzteilnehmer vor Ort in meiner&#8230;<\/p>\n","protected":false},"author":1,"featured_media":0,"parent":0,"menu_order":1,"comment_status":"closed","ping_status":"closed","template":"","meta":{"_EventAllDay":false,"_EventTimezone":"","_EventStartDate":"","_EventEndDate":"","_EventStartDateUTC":"","_EventEndDateUTC":"","_EventShowMap":false,"_EventShowMapLink":false,"_EventURL":"","_EventCost":"","_EventCostDescription":"","_EventCurrencySymbol":"","_EventCurrencyCode":"","_EventCurrencyPosition":"","_EventDateTimeSeparator":"","_EventTimeRangeSeparator":"","_EventOrganizerID":[],"_EventVenueID":[],"_OrganizerEmail":"","_OrganizerPhone":"","_OrganizerWebsite":"","_VenueAddress":"","_VenueCity":"","_VenueCountry":"","_VenueProvince":"","_VenueState":"","_VenueZip":"","_VenuePhone":"","_VenueURL":"","_VenueStateProvince":"","_VenueLat":"","_VenueLng":"","_VenueShowMap":false,"_VenueShowMapLink":false,"footnotes":""},"class_list":["post-2310","page","type-page","status-publish","hentry"],"yoast_head":"<!-- This site is optimized with the Yoast SEO plugin v27.5 - https:\/\/yoast.com\/product\/yoast-seo-wordpress\/ -->\n<title>Seminare 2024 -<\/title>\n<meta name=\"robots\" content=\"index, follow, max-snippet:-1, max-image-preview:large, max-video-preview:-1\" \/>\n<link rel=\"canonical\" href=\"https:\/\/2020.sadlo.eu\/?page_id=2310\" \/>\n<meta property=\"og:locale\" content=\"de_DE\" \/>\n<meta property=\"og:type\" content=\"article\" \/>\n<meta property=\"og:title\" content=\"Seminare 2024 -\" \/>\n<meta property=\"og:description\" content=\"Liebe Kolleginnen und Kollegen, ich lade Sie herzlich zu unseren diesj\u00e4hrigen Pr\u00e4senz- und Hybridseminaren im Miet- und Wohnungseigentumsrecht ein.\u00a0 \u201eHybrid\u201c bedeutet dass Sie entweder als Pr\u00e4senzteilnehmer vor Ort in meiner...\" \/>\n<meta property=\"og:url\" content=\"https:\/\/2020.sadlo.eu\/?page_id=2310\" \/>\n<meta property=\"article:modified_time\" content=\"2025-01-16T13:00:30+00:00\" \/>\n<meta name=\"twitter:card\" content=\"summary_large_image\" \/>\n<meta name=\"twitter:label1\" content=\"Gesch\u00e4tzte Lesezeit\" \/>\n\t<meta name=\"twitter:data1\" content=\"5\u00a0Minuten\" \/>\n<script type=\"application\/ld+json\" class=\"yoast-schema-graph\">{\"@context\":\"https:\\\/\\\/schema.org\",\"@graph\":[{\"@type\":\"WebPage\",\"@id\":\"https:\\\/\\\/2020.sadlo.eu\\\/?page_id=2310\",\"url\":\"https:\\\/\\\/2020.sadlo.eu\\\/?page_id=2310\",\"name\":\"Seminare 2024 -\",\"isPartOf\":{\"@id\":\"https:\\\/\\\/2020.sadlo.eu\\\/#website\"},\"datePublished\":\"2024-01-14T19:25:23+00:00\",\"dateModified\":\"2025-01-16T13:00:30+00:00\",\"breadcrumb\":{\"@id\":\"https:\\\/\\\/2020.sadlo.eu\\\/?page_id=2310#breadcrumb\"},\"inLanguage\":\"de\",\"potentialAction\":[{\"@type\":\"ReadAction\",\"target\":[\"https:\\\/\\\/2020.sadlo.eu\\\/?page_id=2310\"]}]},{\"@type\":\"BreadcrumbList\",\"@id\":\"https:\\\/\\\/2020.sadlo.eu\\\/?page_id=2310#breadcrumb\",\"itemListElement\":[{\"@type\":\"ListItem\",\"position\":1,\"name\":\"Startseite\",\"item\":\"https:\\\/\\\/2020.sadlo.eu\\\/\"},{\"@type\":\"ListItem\",\"position\":2,\"name\":\"Seminare 2024\"}]},{\"@type\":\"WebSite\",\"@id\":\"https:\\\/\\\/2020.sadlo.eu\\\/#website\",\"url\":\"https:\\\/\\\/2020.sadlo.eu\\\/\",\"name\":\"\",\"description\":\"\",\"publisher\":{\"@id\":\"https:\\\/\\\/2020.sadlo.eu\\\/#organization\"},\"potentialAction\":[{\"@type\":\"SearchAction\",\"target\":{\"@type\":\"EntryPoint\",\"urlTemplate\":\"https:\\\/\\\/2020.sadlo.eu\\\/?s={search_term_string}\"},\"query-input\":{\"@type\":\"PropertyValueSpecification\",\"valueRequired\":true,\"valueName\":\"search_term_string\"}}],\"inLanguage\":\"de\"},{\"@type\":\"Organization\",\"@id\":\"https:\\\/\\\/2020.sadlo.eu\\\/#organization\",\"name\":\"RA Michael Sadlo\",\"url\":\"https:\\\/\\\/2020.sadlo.eu\\\/\",\"logo\":{\"@type\":\"ImageObject\",\"inLanguage\":\"de\",\"@id\":\"https:\\\/\\\/2020.sadlo.eu\\\/#\\\/schema\\\/logo\\\/image\\\/\",\"url\":\"https:\\\/\\\/2020.sadlo.eu\\\/wp-content\\\/uploads\\\/2020\\\/01\\\/190912-Rene-Gaens-RA-Michael-Sadlo-L1050274-6-scaled.jpg\",\"contentUrl\":\"https:\\\/\\\/2020.sadlo.eu\\\/wp-content\\\/uploads\\\/2020\\\/01\\\/190912-Rene-Gaens-RA-Michael-Sadlo-L1050274-6-scaled.jpg\",\"width\":2361,\"height\":2560,\"caption\":\"RA Michael Sadlo\"},\"image\":{\"@id\":\"https:\\\/\\\/2020.sadlo.eu\\\/#\\\/schema\\\/logo\\\/image\\\/\"}}]}<\/script>\n<!-- \/ Yoast SEO plugin. -->","yoast_head_json":{"title":"Seminare 2024 -","robots":{"index":"index","follow":"follow","max-snippet":"max-snippet:-1","max-image-preview":"max-image-preview:large","max-video-preview":"max-video-preview:-1"},"canonical":"https:\/\/2020.sadlo.eu\/?page_id=2310","og_locale":"de_DE","og_type":"article","og_title":"Seminare 2024 -","og_description":"Liebe Kolleginnen und Kollegen, ich lade Sie herzlich zu unseren diesj\u00e4hrigen Pr\u00e4senz- und Hybridseminaren im Miet- und Wohnungseigentumsrecht ein.\u00a0 \u201eHybrid\u201c bedeutet dass Sie entweder als Pr\u00e4senzteilnehmer vor Ort in meiner...","og_url":"https:\/\/2020.sadlo.eu\/?page_id=2310","article_modified_time":"2025-01-16T13:00:30+00:00","twitter_card":"summary_large_image","twitter_misc":{"Gesch\u00e4tzte Lesezeit":"5\u00a0Minuten"},"schema":{"@context":"https:\/\/schema.org","@graph":[{"@type":"WebPage","@id":"https:\/\/2020.sadlo.eu\/?page_id=2310","url":"https:\/\/2020.sadlo.eu\/?page_id=2310","name":"Seminare 2024 -","isPartOf":{"@id":"https:\/\/2020.sadlo.eu\/#website"},"datePublished":"2024-01-14T19:25:23+00:00","dateModified":"2025-01-16T13:00:30+00:00","breadcrumb":{"@id":"https:\/\/2020.sadlo.eu\/?page_id=2310#breadcrumb"},"inLanguage":"de","potentialAction":[{"@type":"ReadAction","target":["https:\/\/2020.sadlo.eu\/?page_id=2310"]}]},{"@type":"BreadcrumbList","@id":"https:\/\/2020.sadlo.eu\/?page_id=2310#breadcrumb","itemListElement":[{"@type":"ListItem","position":1,"name":"Startseite","item":"https:\/\/2020.sadlo.eu\/"},{"@type":"ListItem","position":2,"name":"Seminare 2024"}]},{"@type":"WebSite","@id":"https:\/\/2020.sadlo.eu\/#website","url":"https:\/\/2020.sadlo.eu\/","name":"","description":"","publisher":{"@id":"https:\/\/2020.sadlo.eu\/#organization"},"potentialAction":[{"@type":"SearchAction","target":{"@type":"EntryPoint","urlTemplate":"https:\/\/2020.sadlo.eu\/?s={search_term_string}"},"query-input":{"@type":"PropertyValueSpecification","valueRequired":true,"valueName":"search_term_string"}}],"inLanguage":"de"},{"@type":"Organization","@id":"https:\/\/2020.sadlo.eu\/#organization","name":"RA Michael Sadlo","url":"https:\/\/2020.sadlo.eu\/","logo":{"@type":"ImageObject","inLanguage":"de","@id":"https:\/\/2020.sadlo.eu\/#\/schema\/logo\/image\/","url":"https:\/\/2020.sadlo.eu\/wp-content\/uploads\/2020\/01\/190912-Rene-Gaens-RA-Michael-Sadlo-L1050274-6-scaled.jpg","contentUrl":"https:\/\/2020.sadlo.eu\/wp-content\/uploads\/2020\/01\/190912-Rene-Gaens-RA-Michael-Sadlo-L1050274-6-scaled.jpg","width":2361,"height":2560,"caption":"RA Michael Sadlo"},"image":{"@id":"https:\/\/2020.sadlo.eu\/#\/schema\/logo\/image\/"}}]}},"_links":{"self":[{"href":"https:\/\/2020.sadlo.eu\/index.php?rest_route=\/wp\/v2\/pages\/2310","targetHints":{"allow":["GET"]}}],"collection":[{"href":"https:\/\/2020.sadlo.eu\/index.php?rest_route=\/wp\/v2\/pages"}],"about":[{"href":"https:\/\/2020.sadlo.eu\/index.php?rest_route=\/wp\/v2\/types\/page"}],"author":[{"embeddable":true,"href":"https:\/\/2020.sadlo.eu\/index.php?rest_route=\/wp\/v2\/users\/1"}],"replies":[{"embeddable":true,"href":"https:\/\/2020.sadlo.eu\/index.php?rest_route=%2Fwp%2Fv2%2Fcomments&post=2310"}],"version-history":[{"count":120,"href":"https:\/\/2020.sadlo.eu\/index.php?rest_route=\/wp\/v2\/pages\/2310\/revisions"}],"predecessor-version":[{"id":2506,"href":"https:\/\/2020.sadlo.eu\/index.php?rest_route=\/wp\/v2\/pages\/2310\/revisions\/2506"}],"wp:attachment":[{"href":"https:\/\/2020.sadlo.eu\/index.php?rest_route=%2Fwp%2Fv2%2Fmedia&parent=2310"}],"curies":[{"name":"wp","href":"https:\/\/api.w.org\/{rel}","templated":true}]}}