{"id":2248,"date":"2023-06-27T22:28:23","date_gmt":"2023-06-27T20:28:23","guid":{"rendered":"https:\/\/2020.sadlo.eu\/?page_id=2248"},"modified":"2024-01-14T16:51:58","modified_gmt":"2024-01-14T15:51:58","slug":"seminare-2022-2","status":"publish","type":"page","link":"https:\/\/2020.sadlo.eu\/?page_id=2248","title":{"rendered":"Seminare 2022"},"content":{"rendered":"\t\t<div data-elementor-type=\"wp-page\" data-elementor-id=\"2248\" class=\"elementor elementor-2248\">\n\t\t\t\t\t\t<section class=\"elementor-section elementor-top-section elementor-element elementor-element-4289d399 elementor-section-boxed elementor-section-height-default elementor-section-height-default\" data-id=\"4289d399\" data-element_type=\"section\" data-e-type=\"section\">\n\t\t\t\t\t\t<div class=\"elementor-container elementor-column-gap-default\">\n\t\t\t\t\t<div class=\"elementor-column elementor-col-100 elementor-top-column elementor-element elementor-element-2fc241ad\" data-id=\"2fc241ad\" data-element_type=\"column\" data-e-type=\"column\">\n\t\t\t<div class=\"elementor-widget-wrap elementor-element-populated\">\n\t\t\t\t\t\t<div class=\"elementor-element elementor-element-3e7d351f elementor-widget elementor-widget-text-editor\" data-id=\"3e7d351f\" data-element_type=\"widget\" data-e-type=\"widget\" data-widget_type=\"text-editor.default\">\n\t\t\t\t<div class=\"elementor-widget-container\">\n\t\t\t\t\t\t\t\t\t<div class=\"tribe-common-g-row tribe-events-widget-events-list__event-row\"><table><tbody><tr><td style=\"text-align: left;\"><h4><strong>08. Februar 2022<\/strong> <strong><br \/><\/strong><br \/>von 14:00 bis 16:45 Uhr<\/h4><h6><strong>Referenten:<br \/><\/strong><a href=\"https:\/\/www.wir-breiholdt.de\/team\/anwaelte\/ruth-breiholdt\/\" target=\"_blank\" rel=\"noreferrer noopener\"><span style=\"color: #000000;\"><b>Ruth Breiholdt<\/b><\/span><\/a><strong><a href=\"https:\/\/www.wir-breiholdt.de\/team\/anwaelte\/ruth-breiholdt\/\" target=\"_blank\" rel=\"noreferrer noopener\"><span style=\"color: #000000;\"><br \/><\/span><\/a><\/strong><a href=\"https:\/\/www.wir-breiholdt.de\/team\/anwaelte\/ruth-breiholdt\/\" target=\"_blank\" rel=\"noreferrer noopener\"><span style=\"color: #000000;\">Fachanw<\/span><\/a><a href=\"https:\/\/www.wir-breiholdt.de\/team\/anwaelte\/ruth-breiholdt\/\" target=\"_blank\" rel=\"noreferrer noopener\"><span style=\"color: #000000;\">\u00e4ltin<\/span><\/a><a href=\"https:\/\/www.wir-breiholdt.de\/team\/anwaelte\/ruth-breiholdt\/\" target=\"_blank\" rel=\"noreferrer noopener\"><span style=\"color: #000000;\"> f\u00fcr Miet-<\/span><\/a><strong><a href=\"https:\/\/www.wir-breiholdt.de\/team\/anwaelte\/ruth-breiholdt\/\" target=\"_blank\" rel=\"noreferrer noopener\"><span style=\"color: #000000;\"><br \/><\/span><\/a><\/strong><a href=\"https:\/\/www.wir-breiholdt.de\/team\/anwaelte\/ruth-breiholdt\/\" target=\"_blank\" rel=\"noreferrer noopener\"><span style=\"color: #000000;\">und WEG-Recht<\/span><\/a><strong><br \/><\/strong><span style=\"color: #000000;\"><a style=\"color: #000000;\" href=\"https:\/\/www.avocado.de\/portraet\/dr-ulrich-leo\/\" target=\"_blank\" rel=\"noreferrer noopener\"><strong><br \/>Dr. Ulrich Leo<\/strong><br \/>Rechtsanwalt<\/a><\/span><\/h6><\/td><td><h4><strong><span style=\"color: #000000;\">Der BGH zu coronabedingten Mietk\u00fcrzungen in der Gewerberaummiete<\/span><\/strong><\/h4><\/td><td><h5><strong><span style=\"color: #000000;\"><a style=\"color: #000000;\" href=\"https:\/\/2020.sadlo.eu\/wp-content\/uploads\/2022\/01\/Anmeldeformular_Februar_Seminar_2022.pdf\">Anmeldung<\/a><\/span><\/strong><\/h5><h6><a href=\"https:\/\/2020.sadlo.eu\/wp-content\/uploads\/2022\/01\/Seminarinhalt.pdf\" target=\"_blank\" rel=\"noopener\">Inhalt<\/a><br \/><a href=\"https:\/\/2020.sadlo.eu\/wp-content\/uploads\/2022\/02\/teilnehmer-fragebogen-08_02_2022.pdf\" target=\"_blank\" rel=\"noopener\">Feedback<\/a><\/h6><\/td><\/tr><tr><td style=\"text-align: left;\"><h4><strong>24. Juni bis \u00a025. Juni 2022<br \/><\/strong><br \/>jeweils von 09:00 bis 18:00 Uhr<\/h4><h6><strong>Referenten:<br \/><a style=\"color: #000000;\" href=\"https:\/\/2020.sadlo.eu\/wp-content\/uploads\/2020\/01\/Dr-Peter-Kiess-Webseite.pdf\" target=\"_blank\" rel=\"noopener noreferrer\">Dr. Peter Kie\u00df (VorsR am LG Dresden)<\/a> <br \/><span style=\"color: #000000;\"><br \/><a style=\"color: #000000;\" href=\"https:\/\/2020.sadlo.eu\/wp-content\/uploads\/2021\/05\/a_leist.pdf\" target=\"_blank\" rel=\"noopener noreferrer\">Andr\u00e8 Leist (Fachanwalt f\u00fcr Miet- und WEG-Recht)<\/a><\/span><\/strong><\/h6><p><a style=\"color: #000000;\" href=\"https:\/\/2020.sadlo.eu\/wp-content\/uploads\/2020\/01\/Thomas-Gebhard-Webseite-neu-160120201500.pdf\" target=\"_blank\" rel=\"noopener noreferrer\">Thomas Gebhard (weiterer aufsichtsf\u00fchrender Richter am AG Dresden)<\/a><\/p><p><a style=\"color: #000000;\" href=\"https:\/\/avocado.de\/portraet\/dr-ulrich-leo\/\" target=\"_blank\" rel=\"noopener noreferrer\">Dr. Ulrich Leo (Rechtsanwalt)<\/a><\/p><p><a style=\"color: #000000;\" href=\"http:\/\/2020.sadlo.eu\/?page_id=56\" target=\"_blank\" rel=\"noopener noreferrer\">Michael Sadlo (Fachanwalt f\u00fcr Miet- und WEG-Recht)<\/a><\/p><\/td><td><h4><strong><span style=\"color: #000000;\">Hybrid-Seminar f\u00fcr Fachanw\u00e4lte im Miet- und Wohnungseigentumsrecht<\/span><\/strong><\/h4><\/td><td><h5><strong><span style=\"color: #000000;\"><a style=\"color: #000000;\" href=\"https:\/\/2020.sadlo.eu\/wp-content\/uploads\/2022\/01\/Anmeldeformular-Seminare-2022.pdf\">Anmeldung<\/a><\/span><\/strong><\/h5><h6><a href=\"https:\/\/2020.sadlo.eu\/wp-content\/uploads\/2022\/01\/Inhalt_und_Ablauf_24_.25_-Juni_2022.pdf\" target=\"_blank\" rel=\"noopener\">Inhalt<\/a><br \/><a href=\"https:\/\/2020.sadlo.eu\/wp-content\/uploads\/2022\/08\/feedback.pdf\" target=\"_blank\" rel=\"noopener\">Feedback<\/a><\/h6><\/td><\/tr><tr><td style=\"text-align: left;\"><h4><strong>16. September bis 17. September 2022<br \/><\/strong><br \/>jeweils von 09:00 bis 18:00 Uhr<\/h4><h6><strong>Referenten:<\/strong><\/h6><p><a style=\"color: #000000;\" href=\"https:\/\/2020.sadlo.eu\/wp-content\/uploads\/2020\/01\/Dr-Peter-Kiess-Webseite.pdf\" target=\"_blank\" rel=\"noopener noreferrer\">Dr. Peter Kie\u00df (VorsR am LG Dresden)<\/a><\/p><p><a style=\"color: #000000;\" href=\"https:\/\/2020.sadlo.eu\/wp-content\/uploads\/2021\/05\/a_leist.pdf\" target=\"_blank\" rel=\"noopener noreferrer\">Andr\u00e8 Leist (Fachanwalt f\u00fcr Miet- und WEG-Recht)<\/a><\/p><p><a style=\"color: #000000;\" href=\"https:\/\/2020.sadlo.eu\/wp-content\/uploads\/2020\/01\/Thomas-Gebhard-Webseite-neu-160120201500.pdf\" target=\"_blank\" rel=\"noopener noreferrer\">Thomas Gebhard (weiterer aufsichtsf\u00fchrender Richter am AG Dresden)<\/a><\/p><p><a style=\"color: #000000;\" href=\"http:\/\/2020.sadlo.eu\/?page_id=56\" target=\"_blank\" rel=\"noopener noreferrer\">Michael Sadlo (Fachanwalt f\u00fcr Miet- und WEG-Recht)<\/a><\/p><\/td><td><h4><strong><span style=\"color: #000000;\"><a style=\"color: #000000;\" href=\"https:\/\/2020.sadlo.eu\/?tribe_events=hybrid-seminar-fuer-fachanwaelte-im-miet-und-wohnungseigentumsrecht-2\">Hybrid-Seminar f\u00fcr Fachanw\u00e4lte im Miet- und Wohnungseigentumsrecht<\/a><\/span><\/strong><\/h4><\/td><td><h5><strong><span style=\"color: #000000;\"><a style=\"color: #000000;\" href=\"https:\/\/2020.sadlo.eu\/wp-content\/uploads\/2022\/01\/Anmeldeformular-Seminare-2022.pdf\">Anmeldung<\/a><\/span><\/strong><\/h5><h6><a href=\"https:\/\/2020.sadlo.eu\/wp-content\/uploads\/2022\/08\/Inhalt_und_Ablauf_16_.17_-September_2022-.pdf\" target=\"_blank\" rel=\"noopener\">Inhalt<\/a><br \/><a href=\"https:\/\/2020.sadlo.eu\/wp-content\/uploads\/2022\/09\/feedback-gesamt-september.pdf\" target=\"_blank\" rel=\"noopener\">Feedback<\/a><\/h6><\/td><\/tr><tr><td style=\"text-align: left;\"><h4><strong>14. Oktober bis 15. Oktober 2022<br \/><\/strong><br \/>jeweils von 09:00 bis 18:00 Uhr<\/h4><h6><strong>Referenten:<\/strong><\/h6><p><a style=\"color: #000000;\" href=\"https:\/\/2020.sadlo.eu\/wp-content\/uploads\/2020\/01\/Dr-Peter-Kiess-Webseite.pdf\" target=\"_blank\" rel=\"noopener noreferrer\">Dr. Peter Kie\u00df (VorsR am LG Dresden)<\/a><\/p><p><a style=\"color: #000000;\" href=\"https:\/\/2020.sadlo.eu\/wp-content\/uploads\/2021\/05\/a_leist.pdf\" target=\"_blank\" rel=\"noopener noreferrer\">Andr\u00e8 Leist (Fachanwalt f\u00fcr Miet- und WEG-Recht)<\/a><\/p><p><a style=\"color: #000000;\" href=\"https:\/\/2020.sadlo.eu\/wp-content\/uploads\/2020\/01\/Thomas-Gebhard-Webseite-neu-160120201500.pdf\" target=\"_blank\" rel=\"noopener noreferrer\">Thomas Gebhard (weiterer aufsichtsf\u00fchrender Richter am AG Dresden)<\/a><\/p><p><a style=\"color: #000000;\" href=\"https:\/\/2020.sadlo.eu\/wp-content\/uploads\/2022\/09\/Dr.-Dietmar-Onusseit-fuer-Webseite-10_2022k.pdf\" target=\"_blank\" rel=\"noopener noreferrer\">Dr. Dietmar Onusseit (VorsR des 13. Zivilsenats des OLG Dresden a.D.)<br \/><\/a><a style=\"color: #000000;\" href=\"http:\/\/2020.sadlo.eu\/?page_id=56\" target=\"_blank\" rel=\"noopener noreferrer\">Michael Sadlo (Fachanwalt f\u00fcr Miet- und WEG-Recht)<\/a><\/p><\/td><td><h4><strong><span style=\"color: #000000;\"><a style=\"color: #000000;\" href=\"https:\/\/2020.sadlo.eu\/?post_type=tribe_events&amp;p=1998\">Hybrid-Seminar f\u00fcr Fachanw\u00e4lte im Miet- und Wohnungseigentumsrecht<\/a><\/span><\/strong><\/h4><\/td><td><h5><strong><span style=\"color: #000000;\"><a style=\"color: #000000;\" href=\"https:\/\/2020.sadlo.eu\/wp-content\/uploads\/2022\/01\/Anmeldeformular-Seminare-2022.pdf\">Anmeldung<\/a><\/span><\/strong><\/h5><h6><a href=\"https:\/\/2020.sadlo.eu\/wp-content\/uploads\/2022\/08\/Inhalt_und_Ablauf_14_.15_-Oktober_2022.pdf\" target=\"_blank\" rel=\"noopener\">Inhalt<\/a><br \/><a href=\"https:\/\/2020.sadlo.eu\/wp-content\/uploads\/2022\/10\/feedback-14-10-2022.pdf\" target=\"_blank\" rel=\"noopener\">Feedback<\/a><\/h6><\/td><\/tr><\/tbody><\/table><\/div>\t\t\t\t\t\t\t\t<\/div>\n\t\t\t\t<\/div>\n\t\t\t\t\t<\/div>\n\t\t<\/div>\n\t\t\t\t\t<\/div>\n\t\t<\/section>\n\t\t\t\t<\/div>\n\t\t","protected":false},"excerpt":{"rendered":"<p>08. Februar 2022 von 14:00 bis 16:45 Uhr Referenten:Ruth BreiholdtFachanw\u00e4ltin f\u00fcr Miet-und WEG-RechtDr. Ulrich LeoRechtsanwalt Der BGH zu coronabedingten Mietk\u00fcrzungen in der Gewerberaummiete Anmeldung InhaltFeedback 24. Juni bis \u00a025. Juni&#8230;<\/p>\n","protected":false},"author":1,"featured_media":0,"parent":0,"menu_order":3,"comment_status":"closed","ping_status":"closed","template":"","meta":{"_EventAllDay":false,"_EventTimezone":"","_EventStartDate":"","_EventEndDate":"","_EventStartDateUTC":"","_EventEndDateUTC":"","_EventShowMap":false,"_EventShowMapLink":false,"_EventURL":"","_EventCost":"","_EventCostDescription":"","_EventCurrencySymbol":"","_EventCurrencyCode":"","_EventCurrencyPosition":"","_EventDateTimeSeparator":"","_EventTimeRangeSeparator":"","_EventOrganizerID":[],"_EventVenueID":[],"_OrganizerEmail":"","_OrganizerPhone":"","_OrganizerWebsite":"","_VenueAddress":"","_VenueCity":"","_VenueCountry":"","_VenueProvince":"","_VenueState":"","_VenueZip":"","_VenuePhone":"","_VenueURL":"","_VenueStateProvince":"","_VenueLat":"","_VenueLng":"","_VenueShowMap":false,"_VenueShowMapLink":false,"footnotes":""},"class_list":["post-2248","page","type-page","status-publish","hentry"],"yoast_head":"<!-- This site is optimized with the Yoast SEO plugin v27.5 - https:\/\/yoast.com\/product\/yoast-seo-wordpress\/ -->\n<title>Seminare 2022 -<\/title>\n<meta name=\"robots\" content=\"index, follow, max-snippet:-1, max-image-preview:large, max-video-preview:-1\" \/>\n<link rel=\"canonical\" href=\"https:\/\/2020.sadlo.eu\/?page_id=2248\" \/>\n<meta property=\"og:locale\" content=\"de_DE\" \/>\n<meta property=\"og:type\" content=\"article\" \/>\n<meta property=\"og:title\" content=\"Seminare 2022 -\" \/>\n<meta property=\"og:description\" content=\"08. Februar 2022 von 14:00 bis 16:45 Uhr Referenten:Ruth BreiholdtFachanw\u00e4ltin f\u00fcr Miet-und WEG-RechtDr. Ulrich LeoRechtsanwalt Der BGH zu coronabedingten Mietk\u00fcrzungen in der Gewerberaummiete Anmeldung InhaltFeedback 24. Juni bis \u00a025. Juni...\" \/>\n<meta property=\"og:url\" content=\"https:\/\/2020.sadlo.eu\/?page_id=2248\" \/>\n<meta property=\"article:modified_time\" content=\"2024-01-14T15:51:58+00:00\" \/>\n<meta name=\"twitter:card\" content=\"summary_large_image\" \/>\n<meta name=\"twitter:label1\" content=\"Gesch\u00e4tzte Lesezeit\" \/>\n\t<meta name=\"twitter:data1\" content=\"2\u00a0Minuten\" \/>\n<script type=\"application\/ld+json\" class=\"yoast-schema-graph\">{\"@context\":\"https:\\\/\\\/schema.org\",\"@graph\":[{\"@type\":\"WebPage\",\"@id\":\"https:\\\/\\\/2020.sadlo.eu\\\/?page_id=2248\",\"url\":\"https:\\\/\\\/2020.sadlo.eu\\\/?page_id=2248\",\"name\":\"Seminare 2022 -\",\"isPartOf\":{\"@id\":\"https:\\\/\\\/2020.sadlo.eu\\\/#website\"},\"datePublished\":\"2023-06-27T20:28:23+00:00\",\"dateModified\":\"2024-01-14T15:51:58+00:00\",\"breadcrumb\":{\"@id\":\"https:\\\/\\\/2020.sadlo.eu\\\/?page_id=2248#breadcrumb\"},\"inLanguage\":\"de\",\"potentialAction\":[{\"@type\":\"ReadAction\",\"target\":[\"https:\\\/\\\/2020.sadlo.eu\\\/?page_id=2248\"]}]},{\"@type\":\"BreadcrumbList\",\"@id\":\"https:\\\/\\\/2020.sadlo.eu\\\/?page_id=2248#breadcrumb\",\"itemListElement\":[{\"@type\":\"ListItem\",\"position\":1,\"name\":\"Startseite\",\"item\":\"https:\\\/\\\/2020.sadlo.eu\\\/\"},{\"@type\":\"ListItem\",\"position\":2,\"name\":\"Seminare 2022\"}]},{\"@type\":\"WebSite\",\"@id\":\"https:\\\/\\\/2020.sadlo.eu\\\/#website\",\"url\":\"https:\\\/\\\/2020.sadlo.eu\\\/\",\"name\":\"\",\"description\":\"\",\"publisher\":{\"@id\":\"https:\\\/\\\/2020.sadlo.eu\\\/#organization\"},\"potentialAction\":[{\"@type\":\"SearchAction\",\"target\":{\"@type\":\"EntryPoint\",\"urlTemplate\":\"https:\\\/\\\/2020.sadlo.eu\\\/?s={search_term_string}\"},\"query-input\":{\"@type\":\"PropertyValueSpecification\",\"valueRequired\":true,\"valueName\":\"search_term_string\"}}],\"inLanguage\":\"de\"},{\"@type\":\"Organization\",\"@id\":\"https:\\\/\\\/2020.sadlo.eu\\\/#organization\",\"name\":\"RA Michael Sadlo\",\"url\":\"https:\\\/\\\/2020.sadlo.eu\\\/\",\"logo\":{\"@type\":\"ImageObject\",\"inLanguage\":\"de\",\"@id\":\"https:\\\/\\\/2020.sadlo.eu\\\/#\\\/schema\\\/logo\\\/image\\\/\",\"url\":\"https:\\\/\\\/2020.sadlo.eu\\\/wp-content\\\/uploads\\\/2020\\\/01\\\/190912-Rene-Gaens-RA-Michael-Sadlo-L1050274-6-scaled.jpg\",\"contentUrl\":\"https:\\\/\\\/2020.sadlo.eu\\\/wp-content\\\/uploads\\\/2020\\\/01\\\/190912-Rene-Gaens-RA-Michael-Sadlo-L1050274-6-scaled.jpg\",\"width\":2361,\"height\":2560,\"caption\":\"RA Michael Sadlo\"},\"image\":{\"@id\":\"https:\\\/\\\/2020.sadlo.eu\\\/#\\\/schema\\\/logo\\\/image\\\/\"}}]}<\/script>\n<!-- \/ Yoast SEO plugin. -->","yoast_head_json":{"title":"Seminare 2022 -","robots":{"index":"index","follow":"follow","max-snippet":"max-snippet:-1","max-image-preview":"max-image-preview:large","max-video-preview":"max-video-preview:-1"},"canonical":"https:\/\/2020.sadlo.eu\/?page_id=2248","og_locale":"de_DE","og_type":"article","og_title":"Seminare 2022 -","og_description":"08. Februar 2022 von 14:00 bis 16:45 Uhr Referenten:Ruth BreiholdtFachanw\u00e4ltin f\u00fcr Miet-und WEG-RechtDr. Ulrich LeoRechtsanwalt Der BGH zu coronabedingten Mietk\u00fcrzungen in der Gewerberaummiete Anmeldung InhaltFeedback 24. Juni bis \u00a025. Juni...","og_url":"https:\/\/2020.sadlo.eu\/?page_id=2248","article_modified_time":"2024-01-14T15:51:58+00:00","twitter_card":"summary_large_image","twitter_misc":{"Gesch\u00e4tzte Lesezeit":"2\u00a0Minuten"},"schema":{"@context":"https:\/\/schema.org","@graph":[{"@type":"WebPage","@id":"https:\/\/2020.sadlo.eu\/?page_id=2248","url":"https:\/\/2020.sadlo.eu\/?page_id=2248","name":"Seminare 2022 -","isPartOf":{"@id":"https:\/\/2020.sadlo.eu\/#website"},"datePublished":"2023-06-27T20:28:23+00:00","dateModified":"2024-01-14T15:51:58+00:00","breadcrumb":{"@id":"https:\/\/2020.sadlo.eu\/?page_id=2248#breadcrumb"},"inLanguage":"de","potentialAction":[{"@type":"ReadAction","target":["https:\/\/2020.sadlo.eu\/?page_id=2248"]}]},{"@type":"BreadcrumbList","@id":"https:\/\/2020.sadlo.eu\/?page_id=2248#breadcrumb","itemListElement":[{"@type":"ListItem","position":1,"name":"Startseite","item":"https:\/\/2020.sadlo.eu\/"},{"@type":"ListItem","position":2,"name":"Seminare 2022"}]},{"@type":"WebSite","@id":"https:\/\/2020.sadlo.eu\/#website","url":"https:\/\/2020.sadlo.eu\/","name":"","description":"","publisher":{"@id":"https:\/\/2020.sadlo.eu\/#organization"},"potentialAction":[{"@type":"SearchAction","target":{"@type":"EntryPoint","urlTemplate":"https:\/\/2020.sadlo.eu\/?s={search_term_string}"},"query-input":{"@type":"PropertyValueSpecification","valueRequired":true,"valueName":"search_term_string"}}],"inLanguage":"de"},{"@type":"Organization","@id":"https:\/\/2020.sadlo.eu\/#organization","name":"RA Michael Sadlo","url":"https:\/\/2020.sadlo.eu\/","logo":{"@type":"ImageObject","inLanguage":"de","@id":"https:\/\/2020.sadlo.eu\/#\/schema\/logo\/image\/","url":"https:\/\/2020.sadlo.eu\/wp-content\/uploads\/2020\/01\/190912-Rene-Gaens-RA-Michael-Sadlo-L1050274-6-scaled.jpg","contentUrl":"https:\/\/2020.sadlo.eu\/wp-content\/uploads\/2020\/01\/190912-Rene-Gaens-RA-Michael-Sadlo-L1050274-6-scaled.jpg","width":2361,"height":2560,"caption":"RA Michael Sadlo"},"image":{"@id":"https:\/\/2020.sadlo.eu\/#\/schema\/logo\/image\/"}}]}},"_links":{"self":[{"href":"https:\/\/2020.sadlo.eu\/index.php?rest_route=\/wp\/v2\/pages\/2248","targetHints":{"allow":["GET"]}}],"collection":[{"href":"https:\/\/2020.sadlo.eu\/index.php?rest_route=\/wp\/v2\/pages"}],"about":[{"href":"https:\/\/2020.sadlo.eu\/index.php?rest_route=\/wp\/v2\/types\/page"}],"author":[{"embeddable":true,"href":"https:\/\/2020.sadlo.eu\/index.php?rest_route=\/wp\/v2\/users\/1"}],"replies":[{"embeddable":true,"href":"https:\/\/2020.sadlo.eu\/index.php?rest_route=%2Fwp%2Fv2%2Fcomments&post=2248"}],"version-history":[{"count":9,"href":"https:\/\/2020.sadlo.eu\/index.php?rest_route=\/wp\/v2\/pages\/2248\/revisions"}],"predecessor-version":[{"id":2309,"href":"https:\/\/2020.sadlo.eu\/index.php?rest_route=\/wp\/v2\/pages\/2248\/revisions\/2309"}],"wp:attachment":[{"href":"https:\/\/2020.sadlo.eu\/index.php?rest_route=%2Fwp%2Fv2%2Fmedia&parent=2248"}],"curies":[{"name":"wp","href":"https:\/\/api.w.org\/{rel}","templated":true}]}}