{"id":1451,"date":"2021-04-29T09:05:03","date_gmt":"2021-04-29T07:05:03","guid":{"rendered":"https:\/\/2020.sadlo.eu\/?page_id=1451"},"modified":"2022-01-20T21:31:44","modified_gmt":"2022-01-20T20:31:44","slug":"seminare-2021","status":"publish","type":"page","link":"https:\/\/2020.sadlo.eu\/?page_id=1451","title":{"rendered":"Seminare 2021"},"content":{"rendered":"\t\t<div data-elementor-type=\"wp-page\" data-elementor-id=\"1451\" class=\"elementor elementor-1451\">\n\t\t\t\t\t\t<section class=\"elementor-section elementor-top-section elementor-element elementor-element-5c75424f elementor-section-boxed elementor-section-height-default elementor-section-height-default\" data-id=\"5c75424f\" data-element_type=\"section\" data-e-type=\"section\">\n\t\t\t\t\t\t<div class=\"elementor-container elementor-column-gap-default\">\n\t\t\t\t\t<div class=\"elementor-column elementor-col-100 elementor-top-column elementor-element elementor-element-6d64c8cd\" data-id=\"6d64c8cd\" data-element_type=\"column\" data-e-type=\"column\">\n\t\t\t<div class=\"elementor-widget-wrap elementor-element-populated\">\n\t\t\t\t\t\t<div class=\"elementor-element elementor-element-2be652cb elementor-widget elementor-widget-text-editor\" data-id=\"2be652cb\" data-element_type=\"widget\" data-e-type=\"widget\" data-widget_type=\"text-editor.default\">\n\t\t\t\t<div class=\"elementor-widget-container\">\n\t\t\t\t\t\t\t\t\t<table class=\" alignleft\" border=\"0\" width=\"415\"><tbody><tr><td style=\"color: #000000; text-align: left;\" valign=\"top\" width=\"60%\"><span style=\"color: #999999;\"><strong>Online-Seminar f\u00fcr Fachanw\u00e4lte im Miet- und Wohnungseigentumsrecht <\/strong><\/span><br \/><span style=\"color: #999999;\"><strong>Referenten:<\/strong><\/span><br \/><strong><span style=\"color: #000000;\"><a href=\"https:\/\/2020.sadlo.eu\/wp-content\/uploads\/2020\/01\/Dr-Peter-Kiess-Webseite.pdf\" target=\"_blank\" rel=\"noopener noreferrer\"> Dr. Peter Kie\u00df (VorsR am LG Dresden)<\/a><\/span><\/strong><br \/><strong><strong><span style=\"color: #000000;\"><strong><span style=\"color: #000000;\"><a href=\"https:\/\/2020.sadlo.eu\/wp-content\/uploads\/2021\/05\/a_leist.pdf\" target=\"_blank\" rel=\"noopener noreferrer\">Andr\u00e8 Leist (Fachanwalt f\u00fcr Miet- und Wohnungseigentumsrecht)<\/a> <\/span><\/strong><\/span><\/strong><\/strong><strong><span style=\"color: #000000;\"><a href=\"https:\/\/2020.sadlo.eu\/wp-content\/uploads\/2020\/01\/Thomas-Gebhard-Webseite-neu-160120201500.pdf\" target=\"_blank\" rel=\"noopener noreferrer\"> Thomas Gebhard (weiterer aufsichtsf\u00fchrender Richter am AG Dresden)<\/a> <\/span><\/strong><br \/><strong><span style=\"color: #000000;\"><a href=\"https:\/\/avocado.de\/portraet\/dr-ulrich-leo\/\" target=\"_blank\" rel=\"noopener noreferrer\">Dr. Ulrich Leo (Rechtsanwalt)<\/a> <\/span><\/strong><br \/><strong><a href=\"http:\/\/2020.sadlo.eu\/?page_id=56\" target=\"_blank\" rel=\"noopener noreferrer\"> Michael Sadlo (Fachanwalt f\u00fcr Miet- und WEG-Recht)<\/a><\/strong><\/td><td valign=\"top\"><p><strong><span style=\"color: #999999;\">23.\/24. April 2021<\/span><\/strong><\/p><p><span style=\"color: #999999;\"><strong>ausgebucht<\/strong><\/span><\/p><\/td><td valign=\"top\"><strong>Inhalt <a href=\"https:\/\/2020.sadlo.eu\/wp-content\/uploads\/2021\/05\/ap-april-2021.pdf\" target=\"_blank\" rel=\"noopener noreferrer\">hier <\/a><\/strong><br \/><strong>Feedback <a href=\"https:\/\/2020.sadlo.eu\/?page_id=1681\" rel=\"noopener noreferrer\">hier<\/a><\/strong><\/td><\/tr><tr><td style=\"color: #000000; text-align: left;\" valign=\"top\"><strong>Online-Seminar f\u00fcr Fachanw\u00e4lte im Miet- und Wohnungseigentumsrecht <\/strong><br \/><strong><span style=\"color: #000000;\">Referenten:<\/span><\/strong><br \/><strong><span style=\"color: #000000;\"><a href=\"https:\/\/2020.sadlo.eu\/wp-content\/uploads\/2020\/01\/Dr-Peter-Kiess-Webseite.pdf\" target=\"_blank\" rel=\"noopener noreferrer\"> Dr. Peter Kie\u00df (VorsR am LG Dresden)<br \/><\/a><a href=\"https:\/\/2020.sadlo.eu\/wp-content\/uploads\/2021\/05\/a_leist.pdf\" target=\"_blank\" rel=\"noopener noreferrer\">Andr\u00e8 Leist (Fachanwalt f\u00fcr Miet- und Wohnungseigentumsrecht)<\/a><\/span><\/strong><br \/><strong><span style=\"color: #000000;\"><a href=\"https:\/\/2020.sadlo.eu\/wp-content\/uploads\/2020\/01\/Thomas-Gebhard-Webseite-neu-160120201500.pdf\" target=\"_blank\" rel=\"noopener noreferrer\"> Thomas Gebhard (weiterer aufsichtsf\u00fchrender Richter am AG Dresden)<\/a> <\/span><\/strong><br \/><strong><span style=\"color: #000000;\"><a href=\"https:\/\/avocado.de\/portraet\/dr-ulrich-leo\/\" target=\"_blank\" rel=\"noopener noreferrer\">Dr. Ulrich Leo (Rechtsanwalt)<\/a> <\/span><\/strong><br \/><strong><a href=\"http:\/\/2020.sadlo.eu\/?page_id=56\" target=\"_blank\" rel=\"noopener noreferrer\"> Michael Sadlo (Fachanwalt f\u00fcr Miet- und WEG-Recht)<\/a><\/strong><\/td><td valign=\"top\"><strong>04.\/05. Juni 2021<\/strong><\/td><td valign=\"top\"><strong>Inhalt <a href=\"https:\/\/2020.sadlo.eu\/wp-content\/uploads\/2021\/05\/ap-juni-2021.pdf\" target=\"_blank\" rel=\"noopener\">hier<\/a><\/strong><br \/><strong>Feedback<\/strong> <a href=\"https:\/\/2020.sadlo.eu\/?page_id=1615#april\" rel=\"noopener\">hier<\/a><\/td><\/tr><tr><td style=\"color: #000000; text-align: left;\" valign=\"top\"><strong>Seminar f\u00fcr Fachanw\u00e4lte im Miet- und Wohnungseigentumsrecht <\/strong><br \/><strong><span style=\"color: #000000;\">Referenten:<\/span><\/strong><br \/><strong><span style=\"color: #000000;\"><a href=\"https:\/\/2020.sadlo.eu\/wp-content\/uploads\/2020\/01\/Dr-Peter-Kiess-Webseite.pdf\" target=\"_blank\" rel=\"noopener noreferrer\"> Dr. Peter Kie\u00df (VorsR am LG Dresden)<br \/><\/a><a href=\"https:\/\/2020.sadlo.eu\/wp-content\/uploads\/2021\/05\/a_leist.pdf\" target=\"_blank\" rel=\"noopener noreferrer\">Andr\u00e8 Leist (Fachanwalt f\u00fcr Miet- und Wohnungseigentumsrecht)<\/a><\/span><\/strong><br \/><strong><span style=\"color: #000000;\"><a href=\"https:\/\/2020.sadlo.eu\/wp-content\/uploads\/2020\/01\/Thomas-Gebhard-Webseite-neu-160120201500.pdf\" target=\"_blank\" rel=\"noopener noreferrer\"> Thomas Gebhard (weiterer aufsichtsf\u00fchrender Richter am AG Dresden)<br \/><\/a><a href=\"https:\/\/avocado.de\/portraet\/dr-ulrich-leo\/\" target=\"_blank\" rel=\"noopener noreferrer\">Dr. Ulrich Leo (Rechtsanwalt)<\/a> <\/span><\/strong><br \/><strong><a href=\"http:\/\/2020.sadlo.eu\/?page_id=56\" target=\"_blank\" rel=\"noopener noreferrer\"> Michael Sadlo (Fachanwalt f\u00fcr Miet- und WEG-Recht)<\/a><\/strong><\/td><td valign=\"top\"><strong>17.\/18. September 2021<\/strong><\/td><td valign=\"top\"><strong>Inhalt <a href=\"https:\/\/2020.sadlo.eu\/wp-content\/uploads\/2021\/08\/Inhalt-September-Seminar.pdf\" target=\"_blank\" rel=\"noopener\">hier<\/a><\/strong><br \/><span style=\"color: #808080;\"><strong><span style=\"color: #808080;\">Feedback<\/span> <a href=\"https:\/\/2020.sadlo.eu\/wp-content\/uploads\/2021\/10\/fb-17_18_09_2021.pdf\" target=\"_blank\" rel=\"noopener\">hier<\/a><\/strong><br \/><\/span><\/td><\/tr><tr><td style=\"color: #000000; text-align: left;\" valign=\"top\"><strong>Rechtsprechung im Arbeitsrecht<\/strong><br \/><strong>Referenten:<\/strong><br \/><a href=\"https:\/\/2020.sadlo.eu\/wp-content\/uploads\/2020\/01\/LinkzuReferenten.pdf\" target=\"_blank\" rel=\"noopener noreferrer\">Manfred Arnold (VorsR am LAG Baden-W\u00fcrttemberg a.D.)<br \/>Christoph Tillmanns (VorsR am LAG Baden-W\u00fcrttemberg)<\/a><br \/><strong><a href=\"http:\/\/2020.sadlo.eu\/?page_id=56\" target=\"_blank\" rel=\"noopener noreferrer\"> Michael Sadlo (Fachanwalt f\u00fcr Miet- und WEG-Recht)<\/a><\/strong><\/td><td title=\"\" valign=\"top\"><strong>01.\/02. Oktober 2021<\/strong><\/td><td valign=\"top\">Inhalt <span style=\"color: #808080;\">hier<\/span><br \/><span style=\"color: #808080;\">Feedback hier<\/span><\/td><\/tr><tr><td style=\"color: #000000; text-align: left;\" valign=\"top\"><strong>Seminar f\u00fcr Fachanw\u00e4lte im Miet- und Wohnungseigentumsrecht <\/strong><br \/><strong><span style=\"color: #000000;\">Referenten:<\/span><\/strong><br \/><strong><span style=\"color: #000000;\"><a href=\"https:\/\/2020.sadlo.eu\/wp-content\/uploads\/2020\/01\/Dr-Peter-Kiess-Webseite.pdf\" target=\"_blank\" rel=\"noopener noreferrer\"> Dr. Peter Kie\u00df (VorsR am LG Dresden)<br \/><\/a><a href=\"https:\/\/2020.sadlo.eu\/wp-content\/uploads\/2021\/05\/a_leist.pdf\" target=\"_blank\" rel=\"noopener noreferrer\">Andr\u00e8 Leist (Fachanwalt f\u00fcr Miet- und Wohnungseigentumsrecht)<\/a><\/span><\/strong><br \/><strong><span style=\"color: #000000;\"><a href=\"https:\/\/2020.sadlo.eu\/wp-content\/uploads\/2020\/01\/Thomas-Gebhard-Webseite-neu-160120201500.pdf\" target=\"_blank\" rel=\"noopener noreferrer\"> Thomas Gebhard (weiterer aufsichtsf\u00fchrender Richter am AG Dresden)<\/a><\/span><\/strong><br \/><strong><a href=\"http:\/\/2020.sadlo.eu\/?page_id=56\" target=\"_blank\" rel=\"noopener noreferrer\"> Michael Sadlo (Fachanwalt f\u00fcr Miet- und WEG-Recht)<\/a><\/strong><\/td><td valign=\"top\"><strong>08.\/09. Oktober 2021<\/strong><\/td><td valign=\"top\"><strong>Inhalt<\/strong> <a href=\"https:\/\/2020.sadlo.eu\/wp-content\/uploads\/2021\/08\/Inhalt-Oktober-Seminar.pdf\" target=\"_blank\" rel=\"noopener\">hier<\/a><br \/><a href=\"https:\/\/2020.sadlo.eu\/wp-content\/uploads\/2021\/10\/fb_MuWEG_Okt_21.pdf\" target=\"_blank\" rel=\"noopener\"><span style=\"color: #808080;\"><strong>Feedback <\/strong><\/span>hier<\/a><br \/><br \/><\/td><\/tr><\/tbody><\/table><p><!-- \/wp:paragraph --><\/p>\t\t\t\t\t\t\t\t<\/div>\n\t\t\t\t<\/div>\n\t\t\t\t\t<\/div>\n\t\t<\/div>\n\t\t\t\t\t<\/div>\n\t\t<\/section>\n\t\t\t\t<\/div>\n\t\t","protected":false},"excerpt":{"rendered":"<p>Online-Seminar f\u00fcr Fachanw\u00e4lte im Miet- und Wohnungseigentumsrecht Referenten: Dr. Peter Kie\u00df (VorsR am LG Dresden)Andr\u00e8 Leist (Fachanwalt f\u00fcr Miet- und Wohnungseigentumsrecht) Thomas Gebhard (weiterer aufsichtsf\u00fchrender Richter am AG Dresden) Dr&#8230;.<\/p>\n","protected":false},"author":1,"featured_media":0,"parent":1847,"menu_order":0,"comment_status":"closed","ping_status":"closed","template":"","meta":{"_EventAllDay":false,"_EventTimezone":"","_EventStartDate":"","_EventEndDate":"","_EventStartDateUTC":"","_EventEndDateUTC":"","_EventShowMap":false,"_EventShowMapLink":false,"_EventURL":"","_EventCost":"","_EventCostDescription":"","_EventCurrencySymbol":"","_EventCurrencyCode":"","_EventCurrencyPosition":"","_EventDateTimeSeparator":"","_EventTimeRangeSeparator":"","_EventOrganizerID":[],"_EventVenueID":[],"_OrganizerEmail":"","_OrganizerPhone":"","_OrganizerWebsite":"","_VenueAddress":"","_VenueCity":"","_VenueCountry":"","_VenueProvince":"","_VenueState":"","_VenueZip":"","_VenuePhone":"","_VenueURL":"","_VenueStateProvince":"","_VenueLat":"","_VenueLng":"","_VenueShowMap":false,"_VenueShowMapLink":false,"footnotes":""},"class_list":["post-1451","page","type-page","status-publish","hentry"],"yoast_head":"<!-- This site is optimized with the Yoast SEO plugin v27.5 - https:\/\/yoast.com\/product\/yoast-seo-wordpress\/ -->\n<title>Seminare 2021 -<\/title>\n<meta name=\"robots\" content=\"index, follow, max-snippet:-1, max-image-preview:large, max-video-preview:-1\" \/>\n<link rel=\"canonical\" href=\"https:\/\/2020.sadlo.eu\/?page_id=1451\" \/>\n<meta property=\"og:locale\" content=\"de_DE\" \/>\n<meta property=\"og:type\" content=\"article\" \/>\n<meta property=\"og:title\" content=\"Seminare 2021 -\" \/>\n<meta property=\"og:description\" content=\"Online-Seminar f\u00fcr Fachanw\u00e4lte im Miet- und Wohnungseigentumsrecht Referenten: Dr. Peter Kie\u00df (VorsR am LG Dresden)Andr\u00e8 Leist (Fachanwalt f\u00fcr Miet- und Wohnungseigentumsrecht) Thomas Gebhard (weiterer aufsichtsf\u00fchrender Richter am AG Dresden) Dr....\" \/>\n<meta property=\"og:url\" content=\"https:\/\/2020.sadlo.eu\/?page_id=1451\" \/>\n<meta property=\"article:modified_time\" content=\"2022-01-20T20:31:44+00:00\" \/>\n<meta name=\"twitter:card\" content=\"summary_large_image\" \/>\n<meta name=\"twitter:label1\" content=\"Gesch\u00e4tzte Lesezeit\" \/>\n\t<meta name=\"twitter:data1\" content=\"1\u00a0Minute\" \/>\n<script type=\"application\/ld+json\" class=\"yoast-schema-graph\">{\"@context\":\"https:\\\/\\\/schema.org\",\"@graph\":[{\"@type\":\"WebPage\",\"@id\":\"https:\\\/\\\/2020.sadlo.eu\\\/?page_id=1451\",\"url\":\"https:\\\/\\\/2020.sadlo.eu\\\/?page_id=1451\",\"name\":\"Seminare 2021 -\",\"isPartOf\":{\"@id\":\"https:\\\/\\\/2020.sadlo.eu\\\/#website\"},\"datePublished\":\"2021-04-29T07:05:03+00:00\",\"dateModified\":\"2022-01-20T20:31:44+00:00\",\"breadcrumb\":{\"@id\":\"https:\\\/\\\/2020.sadlo.eu\\\/?page_id=1451#breadcrumb\"},\"inLanguage\":\"de\",\"potentialAction\":[{\"@type\":\"ReadAction\",\"target\":[\"https:\\\/\\\/2020.sadlo.eu\\\/?page_id=1451\"]}]},{\"@type\":\"BreadcrumbList\",\"@id\":\"https:\\\/\\\/2020.sadlo.eu\\\/?page_id=1451#breadcrumb\",\"itemListElement\":[{\"@type\":\"ListItem\",\"position\":1,\"name\":\"Startseite\",\"item\":\"https:\\\/\\\/2020.sadlo.eu\\\/\"},{\"@type\":\"ListItem\",\"position\":2,\"name\":\"Seminare 2022 alt\",\"item\":\"https:\\\/\\\/2020.sadlo.eu\\\/?page_id=1847\"},{\"@type\":\"ListItem\",\"position\":3,\"name\":\"Seminare 2021\"}]},{\"@type\":\"WebSite\",\"@id\":\"https:\\\/\\\/2020.sadlo.eu\\\/#website\",\"url\":\"https:\\\/\\\/2020.sadlo.eu\\\/\",\"name\":\"\",\"description\":\"\",\"publisher\":{\"@id\":\"https:\\\/\\\/2020.sadlo.eu\\\/#organization\"},\"potentialAction\":[{\"@type\":\"SearchAction\",\"target\":{\"@type\":\"EntryPoint\",\"urlTemplate\":\"https:\\\/\\\/2020.sadlo.eu\\\/?s={search_term_string}\"},\"query-input\":{\"@type\":\"PropertyValueSpecification\",\"valueRequired\":true,\"valueName\":\"search_term_string\"}}],\"inLanguage\":\"de\"},{\"@type\":\"Organization\",\"@id\":\"https:\\\/\\\/2020.sadlo.eu\\\/#organization\",\"name\":\"RA Michael Sadlo\",\"url\":\"https:\\\/\\\/2020.sadlo.eu\\\/\",\"logo\":{\"@type\":\"ImageObject\",\"inLanguage\":\"de\",\"@id\":\"https:\\\/\\\/2020.sadlo.eu\\\/#\\\/schema\\\/logo\\\/image\\\/\",\"url\":\"https:\\\/\\\/2020.sadlo.eu\\\/wp-content\\\/uploads\\\/2020\\\/01\\\/190912-Rene-Gaens-RA-Michael-Sadlo-L1050274-6-scaled.jpg\",\"contentUrl\":\"https:\\\/\\\/2020.sadlo.eu\\\/wp-content\\\/uploads\\\/2020\\\/01\\\/190912-Rene-Gaens-RA-Michael-Sadlo-L1050274-6-scaled.jpg\",\"width\":2361,\"height\":2560,\"caption\":\"RA Michael Sadlo\"},\"image\":{\"@id\":\"https:\\\/\\\/2020.sadlo.eu\\\/#\\\/schema\\\/logo\\\/image\\\/\"}}]}<\/script>\n<!-- \/ Yoast SEO plugin. -->","yoast_head_json":{"title":"Seminare 2021 -","robots":{"index":"index","follow":"follow","max-snippet":"max-snippet:-1","max-image-preview":"max-image-preview:large","max-video-preview":"max-video-preview:-1"},"canonical":"https:\/\/2020.sadlo.eu\/?page_id=1451","og_locale":"de_DE","og_type":"article","og_title":"Seminare 2021 -","og_description":"Online-Seminar f\u00fcr Fachanw\u00e4lte im Miet- und Wohnungseigentumsrecht Referenten: Dr. Peter Kie\u00df (VorsR am LG Dresden)Andr\u00e8 Leist (Fachanwalt f\u00fcr Miet- und Wohnungseigentumsrecht) Thomas Gebhard (weiterer aufsichtsf\u00fchrender Richter am AG Dresden) Dr....","og_url":"https:\/\/2020.sadlo.eu\/?page_id=1451","article_modified_time":"2022-01-20T20:31:44+00:00","twitter_card":"summary_large_image","twitter_misc":{"Gesch\u00e4tzte Lesezeit":"1\u00a0Minute"},"schema":{"@context":"https:\/\/schema.org","@graph":[{"@type":"WebPage","@id":"https:\/\/2020.sadlo.eu\/?page_id=1451","url":"https:\/\/2020.sadlo.eu\/?page_id=1451","name":"Seminare 2021 -","isPartOf":{"@id":"https:\/\/2020.sadlo.eu\/#website"},"datePublished":"2021-04-29T07:05:03+00:00","dateModified":"2022-01-20T20:31:44+00:00","breadcrumb":{"@id":"https:\/\/2020.sadlo.eu\/?page_id=1451#breadcrumb"},"inLanguage":"de","potentialAction":[{"@type":"ReadAction","target":["https:\/\/2020.sadlo.eu\/?page_id=1451"]}]},{"@type":"BreadcrumbList","@id":"https:\/\/2020.sadlo.eu\/?page_id=1451#breadcrumb","itemListElement":[{"@type":"ListItem","position":1,"name":"Startseite","item":"https:\/\/2020.sadlo.eu\/"},{"@type":"ListItem","position":2,"name":"Seminare 2022 alt","item":"https:\/\/2020.sadlo.eu\/?page_id=1847"},{"@type":"ListItem","position":3,"name":"Seminare 2021"}]},{"@type":"WebSite","@id":"https:\/\/2020.sadlo.eu\/#website","url":"https:\/\/2020.sadlo.eu\/","name":"","description":"","publisher":{"@id":"https:\/\/2020.sadlo.eu\/#organization"},"potentialAction":[{"@type":"SearchAction","target":{"@type":"EntryPoint","urlTemplate":"https:\/\/2020.sadlo.eu\/?s={search_term_string}"},"query-input":{"@type":"PropertyValueSpecification","valueRequired":true,"valueName":"search_term_string"}}],"inLanguage":"de"},{"@type":"Organization","@id":"https:\/\/2020.sadlo.eu\/#organization","name":"RA Michael Sadlo","url":"https:\/\/2020.sadlo.eu\/","logo":{"@type":"ImageObject","inLanguage":"de","@id":"https:\/\/2020.sadlo.eu\/#\/schema\/logo\/image\/","url":"https:\/\/2020.sadlo.eu\/wp-content\/uploads\/2020\/01\/190912-Rene-Gaens-RA-Michael-Sadlo-L1050274-6-scaled.jpg","contentUrl":"https:\/\/2020.sadlo.eu\/wp-content\/uploads\/2020\/01\/190912-Rene-Gaens-RA-Michael-Sadlo-L1050274-6-scaled.jpg","width":2361,"height":2560,"caption":"RA Michael Sadlo"},"image":{"@id":"https:\/\/2020.sadlo.eu\/#\/schema\/logo\/image\/"}}]}},"_links":{"self":[{"href":"https:\/\/2020.sadlo.eu\/index.php?rest_route=\/wp\/v2\/pages\/1451","targetHints":{"allow":["GET"]}}],"collection":[{"href":"https:\/\/2020.sadlo.eu\/index.php?rest_route=\/wp\/v2\/pages"}],"about":[{"href":"https:\/\/2020.sadlo.eu\/index.php?rest_route=\/wp\/v2\/types\/page"}],"author":[{"embeddable":true,"href":"https:\/\/2020.sadlo.eu\/index.php?rest_route=\/wp\/v2\/users\/1"}],"replies":[{"embeddable":true,"href":"https:\/\/2020.sadlo.eu\/index.php?rest_route=%2Fwp%2Fv2%2Fcomments&post=1451"}],"version-history":[{"count":161,"href":"https:\/\/2020.sadlo.eu\/index.php?rest_route=\/wp\/v2\/pages\/1451\/revisions"}],"predecessor-version":[{"id":2005,"href":"https:\/\/2020.sadlo.eu\/index.php?rest_route=\/wp\/v2\/pages\/1451\/revisions\/2005"}],"up":[{"embeddable":true,"href":"https:\/\/2020.sadlo.eu\/index.php?rest_route=\/wp\/v2\/pages\/1847"}],"wp:attachment":[{"href":"https:\/\/2020.sadlo.eu\/index.php?rest_route=%2Fwp%2Fv2%2Fmedia&parent=1451"}],"curies":[{"name":"wp","href":"https:\/\/api.w.org\/{rel}","templated":true}]}}